{"id":374,"date":"2021-03-29T20:28:55","date_gmt":"2021-03-29T19:28:55","guid":{"rendered":"https:\/\/temp2studiob.ch\/?page_id=374"},"modified":"2023-09-21T18:42:23","modified_gmt":"2023-09-21T17:42:23","slug":"hall_of_fame","status":"publish","type":"page","link":"https:\/\/plenum-vs.ch\/index.php\/hall_of_fame\/","title":{"rendered":"Walliser\/Walliserin des Jahres &#8211; Hall of Fame"},"content":{"rendered":"<p>[et_pb_section fb_built=&#187;1&#8243; custom_padding_last_edited=&#187;off|desktop&#187; admin_label=&#187;Hero&#187; _builder_version=&#187;3.22&#8243; use_background_color_gradient=&#187;on&#187; background_color_gradient_start=&#187;#ffffff&#187; background_color_gradient_end=&#187;#e7edf9&#8243; custom_margin=&#187;|||&#187; custom_padding=&#187;100px||100px|&#187; custom_padding_tablet=&#187;130px||130px|&#187;][et_pb_row column_structure=&#187;1_2,1_2&#8243; admin_label=&#187;title and illustration&#187; _builder_version=&#187;3.25&#8243; background_size=&#187;initial&#187; background_position=&#187;top_left&#187; background_repeat=&#187;repeat&#187; custom_margin=&#187;|||&#187;][et_pb_column type=&#187;1_2&#8243; _builder_version=&#187;3.25&#8243; custom_padding=&#187;|||&#187; custom_padding__hover=&#187;|||&#187;][et_pb_text _builder_version=&#187;4.9.2&#8243; header_font=&#187;Merriweather|700|||||||&#187; header_font_size=&#187;46px&#187; header_line_height=&#187;1.3em&#187; custom_margin=&#187;||0px|&#187; animation_style=&#187;flip&#187; animation_direction=&#187;top&#187;]<\/p>\n<h1>Walliser und Walliserinnen des Jahres &#8211; Hall of Fame<\/h1>\n<p>[\/et_pb_text][et_pb_divider color=&#187;#4646c4&#8243; divider_position=&#187;center&#187; divider_weight=&#187;2px&#187; _builder_version=&#187;3.2&#8243; max_width=&#187;90px&#187; max_width_tablet=&#187;12%&#187; max_width_last_edited=&#187;off|desktop&#187; custom_margin=&#187;|||&#187; animation_style=&#187;flip&#187; animation_delay=&#187;50ms&#187;][\/et_pb_divider][et_pb_text _builder_version=&#187;4.9.2&#8243; text_font=&#187;||||||||&#187; text_font_size=&#187;20px&#187; text_line_height=&#187;1.8em&#187; custom_margin=&#187;25px|||&#187; animation_style=&#187;flip&#187; animation_direction=&#187;top&#187; animation_delay=&#187;100ms&#187;]<\/p>\n<p>Hier finden Sie alle Pers\u00f6nlchkeiten, die bisher vom Plenum VS als Walliser oder Walliserin des Jahres ausgezeichnet wurden.<\/p>\n<p>[\/et_pb_text][\/et_pb_column][et_pb_column type=&#187;1_2&#8243; _builder_version=&#187;3.25&#8243; custom_padding=&#187;|||&#187; custom_padding__hover=&#187;|||&#187;][et_pb_image src=&#187;https:\/\/plenum-vs.ch\/wp-content\/uploads\/2021\/03\/AdobeStock_85284640.png&#187; title_text=&#187;AdobeStock_85284640&#8243; force_fullwidth=&#187;on&#187; align_tablet=&#187;center&#187; align_phone=&#187;&#187; align_last_edited=&#187;on|desktop&#187; admin_label=&#187;illustration&#187; _builder_version=&#187;4.9.2&#8243; animation_style=&#187;slide&#187; animation_direction=&#187;right&#187; animation_intensity_slide=&#187;10%&#187;][\/et_pb_image][\/et_pb_column][\/et_pb_row][\/et_pb_section][et_pb_section fb_built=&#187;1&#8243; admin_label=&#187;WdJ&#187; _builder_version=&#187;4.9.2&#8243; custom_padding=&#187;90px||90px|&#187; animation_style=&#187;zoom&#187; animation_intensity_zoom=&#187;10%&#187;][et_pb_row column_structure=&#187;1_3,2_3&#8243; admin_label=&#187;Raphael Wicky&#187; _builder_version=&#187;4.9.2&#8243; custom_margin=&#187;|||&#187; custom_padding=&#187;40px|0px|40px|0px&#187;][et_pb_column type=&#187;1_3&#8243; _builder_version=&#187;3.25&#8243; custom_padding=&#187;|||&#187; custom_padding__hover=&#187;|||&#187;][et_pb_image src=&#187;https:\/\/plenum-vs.ch\/wp-content\/uploads\/2023\/09\/RWICKY.png&#187; title_text=&#187;RWICKY&#187; _builder_version=&#187;4.9.2&#8243; custom_margin=&#187;|||&#187; custom_margin_tablet=&#187;90px|||&#187; custom_margin_last_edited=&#187;off|desktop&#187; always_center_on_mobile=&#187;off&#187; locked=&#187;off&#187;][\/et_pb_image][\/et_pb_column][et_pb_column type=&#187;2_3&#8243; _builder_version=&#187;3.25&#8243; custom_padding=&#187;|||&#187; custom_padding__hover=&#187;|||&#187;][et_pb_text _builder_version=&#187;4.9.2&#8243; text_font=&#187;||||||||&#187; text_text_color=&#187;#000000&#8243; text_font_size=&#187;18px&#187; header_font=&#187;||||||||&#187; header_text_color=&#187;#E02B20&#8243; header_3_font=&#187;Merriweather|700|||||||&#187; header_3_text_color=&#187;#4646c4&#8243; header_3_font_size=&#187;36px&#187; header_3_line_height=&#187;1.4em&#187; link_option_url=&#187;https:\/\/plenum-vs.ch\/index.php\/2022\/07\/19\/germaine-j-f-seewer-ist-walliserin-des-jahres-2022\/&#187; locked=&#187;off&#187;]<\/p>\n<h3><span style=\"color: #ff0000;\">Walliser des Jahres 2023 &#8211; Raphael Wicky<\/span><\/h3>\n<p>Fussballtrainer<\/p>\n<p>[\/et_pb_text][et_pb_text _builder_version=&#187;4.9.2&#8243; text_font=&#187;||||||||&#187; text_font_size=&#187;18px&#187; text_line_height=&#187;1.8em&#187; link_option_url=&#187;https:\/\/plenum-vs.ch\/index.php\/2022\/07\/19\/germaine-j-f-seewer-ist-walliserin-des-jahres-2022\/&#187;]<\/p>\n<div><span lang=\"DE\">Der Steger Fussballtrainer Raphael Wicky ist Walliser des Jahres 2023. Das Plenum VS<\/span><span lang=\"DE\">, das Walliser Wirtschafts- und Kulturnetzwerk,<\/span><span lang=\"DE\"><span lang=\"DE\"> zeichnet den Oberwalliser Fussballstar f\u00fcr seine erfolgreiche und beeindruckende Sportlerkarriere aus. Raphael hat in der Saison 2022\/23 als Fussballtrainer mit den Berner Young Boys mit dem Double Meister und Cupsieger einen pers\u00f6nlichen H\u00f6hepunkt seiner Karriere geschafft. <\/span><\/span>Raphael ist die 15. Pers\u00f6nlichkeit, die als \u201eWalliser des Jahres\u201c ausgezeichnet wird. Als Walliser in der \u201e\u00dcsserschwiz\u201c repr\u00e4sentiert er die Werte des Wirtschafts- und Kulturnetzwerkes Plenum VS ganz besonders. Nach Beurteilung seines Topskorers Cedric Itten hat es Wicky \u201emenschlich sehr, sehr gut hingekriegt. Er nahm jeden Spieler auf seine Art und es gelang ihm, mit einem Mix zwischen Ernsthaftigkeit und Lockerheit ein echtes Team zu kreieren.\u201c F\u00fcr den weiteren YB-Star Christian Fassnacht ist Wicky \u201eein Fussball-Fanatiker im positivsten Sinn des Wortes. Er ist nicht besessen, aber will alles verstehen. Die geringe Anzahl Gegentore zeigt, wie gut er uns auf die Gegner eingestellt hat. Zudem will er stets auch unsere Meinung h\u00f6ren und sich selbst verbessern. Er ist interessiert am Menschen hinter dem Spieler, will wissen, wie wir empfinden und denken.\u201c Der Preis wurde Raphael Wicky am 22. September im Beisein von zahlreichen G\u00e4sten aus dem Wallis und der Deutschschweiz im Stade de Suisse in Bern \u00fcbergeben.\u00a0<a href=\"https:\/\/plenum-vs.ch\/wp-content\/uploads\/2023\/09\/WDJ2023_PlenumVS_MEDIENMITTEILUNG.pdf\">&#8230;weiterlesen<\/a><\/div>\n<p>[\/et_pb_text][\/et_pb_column][\/et_pb_row][et_pb_row column_structure=&#187;1_3,2_3&#8243; admin_label=&#187;Germaine Seewer&#187; _builder_version=&#187;4.9.2&#8243; custom_margin=&#187;|||&#187; custom_padding=&#187;40px|0px|40px|0px&#187; locked=&#187;off&#187;][et_pb_column type=&#187;1_3&#8243; _builder_version=&#187;3.25&#8243; custom_padding=&#187;|||&#187; custom_padding__hover=&#187;|||&#187;][et_pb_image src=&#187;https:\/\/plenum-vs.ch\/wp-content\/uploads\/2022\/07\/7090_Divisionaer_Seewer_03-scaled.jpg&#187; title_text=&#187;7090_Divisionaer_Seewer_03&#8243; _builder_version=&#187;4.9.2&#8243; custom_margin=&#187;|||&#187; custom_margin_tablet=&#187;90px|||&#187; custom_margin_last_edited=&#187;off|desktop&#187; always_center_on_mobile=&#187;off&#187; locked=&#187;off&#187;][\/et_pb_image][et_pb_social_media_follow _builder_version=&#187;4.9.2&#8243; text_orientation=&#187;center&#187; locked=&#187;off&#187;][\/et_pb_social_media_follow][\/et_pb_column][et_pb_column type=&#187;2_3&#8243; _builder_version=&#187;3.25&#8243; custom_padding=&#187;|||&#187; custom_padding__hover=&#187;|||&#187;][et_pb_text _builder_version=&#187;4.9.2&#8243; text_font=&#187;||||||||&#187; text_text_color=&#187;#000000&#8243; text_font_size=&#187;18px&#187; header_font=&#187;||||||||&#187; header_text_color=&#187;#E02B20&#8243; header_3_font=&#187;Merriweather|700|||||||&#187; header_3_text_color=&#187;#4646c4&#8243; header_3_font_size=&#187;36px&#187; header_3_line_height=&#187;1.4em&#187; link_option_url=&#187;https:\/\/plenum-vs.ch\/index.php\/2022\/07\/19\/germaine-j-f-seewer-ist-walliserin-des-jahres-2022\/&#187; locked=&#187;off&#187;]<\/p>\n<h3><span style=\"color: #ff0000;\">Walliserin des Jahres 2022 &#8211; Germaine J.F. Seewer<\/span><\/h3>\n<p>Division\u00e4r<\/p>\n<p>[\/et_pb_text][et_pb_text _builder_version=&#187;4.9.2&#8243; text_font=&#187;||||||||&#187; text_font_size=&#187;18px&#187; text_line_height=&#187;1.8em&#187; link_option_url=&#187;https:\/\/plenum-vs.ch\/index.php\/2022\/07\/19\/germaine-j-f-seewer-ist-walliserin-des-jahres-2022\/&#187;]<\/p>\n<p style=\"font-weight: 400;\">Division\u00e4r Germaine J.F. Seewer ist Walliserin des Jahres 2022. Plenum VS, das Wirtschafts- und Kulturnetzwerk von Walliserinnen und Wallisern sowie Freunden des Wallis, zeichnet die Leukerin aus f\u00fcr ihre erfolgreiche Berufskarriere als Frau in einem von M\u00e4nnern dominierten Bereich und ihre Vorbildfunktion als Division\u00e4r und damit rangh\u00f6chste Frau in der Schweizer Armee.\u00a0Germaine J.F. Seewer ist die 14. Pers\u00f6nlichkeit, die als \u201eWalliserin des Jahres\u201c ausgezeichnet wird. Der Vorstand von Plenum VS ist \u00fcberzeugt, dass die Leukerin, diese Auszeichnung ganz besonders verdient hat. Besonders auch, weil sie als Walliserin in der \u201e\u00dcsserschwiz\u201c die Werte dieses Wirtschafts- und Kulturnetzwerkes, eindr\u00fccklich repr\u00e4sentiert.ETH-Pr\u00e4sident, Prof. Dr. Joe\u0308l Mesot lobte die Preistr\u00e4gerin und ETH-Ehrenr\u00e4tin als Vorbild, das \u00abandere Frauen motiviert, sich zu trauen und auch gerade dort Verantwortung zu u\u0308bernehmen, wo die Geschlechterparita\u0308t noch weit vom erstrebenswerten Ziel entfernt ist\u00bb. <a href=\"https:\/\/plenum-vs.ch\/index.php\/2022\/07\/19\/germaine-j-f-seewer-ist-walliserin-des-jahres-2022\/\">&#8230;weiterlesen<\/a><\/p>\n<p>[\/et_pb_text][\/et_pb_column][\/et_pb_row][et_pb_row column_structure=&#187;1_3,2_3&#8243; admin_label=&#187;Lionel&#187; _builder_version=&#187;4.9.2&#8243; custom_margin=&#187;|||&#187; custom_padding=&#187;40px|0px|40px|0px&#187;][et_pb_column type=&#187;1_3&#8243; _builder_version=&#187;3.25&#8243; custom_padding=&#187;|||&#187; custom_padding__hover=&#187;|||&#187;][et_pb_image src=&#187;https:\/\/plenum-vs.ch\/wp-content\/uploads\/2021\/08\/03_Lionel_Portraet_72dpi.jpg&#187; title_text=&#187;Lionel Dellberg&#187; _builder_version=&#187;4.9.2&#8243; custom_margin=&#187;|||&#187; custom_margin_tablet=&#187;90px|||&#187; custom_margin_last_edited=&#187;off|desktop&#187; always_center_on_mobile=&#187;off&#187; locked=&#187;off&#187;][\/et_pb_image][et_pb_social_media_follow _builder_version=&#187;4.9.2&#8243; text_orientation=&#187;center&#187; locked=&#187;off&#187;][et_pb_social_media_follow_network social_network=&#187;facebook&#187; url=&#187;https:\/\/www.facebook.com\/lionel.dimonti&#187; _builder_version=&#187;4.9.2&#8243; background_color=&#187;#181819&#8243; follow_button=&#187;off&#187; url_new_window=&#187;on&#187;]facebook[\/et_pb_social_media_follow_network][\/et_pb_social_media_follow][\/et_pb_column][et_pb_column type=&#187;2_3&#8243; _builder_version=&#187;3.25&#8243; custom_padding=&#187;|||&#187; custom_padding__hover=&#187;|||&#187;][et_pb_text _builder_version=&#187;4.9.2&#8243; text_font=&#187;||||||||&#187; text_text_color=&#187;#000000&#8243; text_font_size=&#187;18px&#187; header_font=&#187;||||||||&#187; header_text_color=&#187;#E02B20&#8243; header_3_font=&#187;Merriweather|700|||||||&#187; header_3_text_color=&#187;#4646c4&#8243; header_3_font_size=&#187;36px&#187; header_3_line_height=&#187;1.4em&#187; locked=&#187;off&#187;]<\/p>\n<h3><span style=\"color: #ff0000;\">Walliser des Jahres 2021 &#8211; Lionel Dellberg<\/span><\/h3>\n<p>Zauberer<\/p>\n<p>[\/et_pb_text][et_pb_text _builder_version=&#187;4.9.2&#8243; text_font=&#187;||||||||&#187; text_font_size=&#187;18px&#187; text_line_height=&#187;1.8em&#187;]<\/p>\n<p><em>2021 ist das Jahr von Lionel: Als erster Schweizer \u00fcberhaupt wurde Zauberer Lionel in die renommierte US-Magie-Show \u00abFool Us\u00bb eingeladen und holte sich auch gleich die begehrte Troph\u00e4e. Der Preis gilt als eine der begehrtesten Auszeichnungen f\u00fcr Magie. Dank des Preises kann Dellberg in Las Vegas auftreten. Ob im amerikanischen, spanischen oder schweizer Fernsehen, im Rahmen eines TED talks, bei Got Talent oder am Gleitschirm h\u00e4ngend: Der kreative Magier begeistert.\u00a0Plenum VS<\/em><em>, ein Wirtschafts- und Kulturnetzwerk von Walliserinnen und Wallisern sowie Freunden des Wallis,<\/em><i>zeichnet den Magier nicht nur wegen seiner Magie-Troph\u00e4e aus, sondern insbesondere auch wegen seiner Liebe zum Wallis. Er wird damit\u00a0auch ein willkommener Botschafter f\u00fcr unseren Kanton.\u00a0<\/i><\/p>\n<p>[\/et_pb_text][\/et_pb_column][\/et_pb_row][et_pb_row column_structure=&#187;1_3,2_3&#8243; admin_label=&#187;Sina&#187; _builder_version=&#187;4.9.2&#8243; custom_margin=&#187;|||&#187; custom_padding=&#187;40px|0px|40px|0px&#187; locked=&#187;off&#187;][et_pb_column type=&#187;1_3&#8243; _builder_version=&#187;3.25&#8243; custom_padding=&#187;|||&#187; custom_padding__hover=&#187;|||&#187;][et_pb_image src=&#187;https:\/\/plenum-vs.ch\/wp-content\/uploads\/2021\/03\/DSC_0942-1-scaled.jpg&#187; title_text=&#187;DSC_0942&#8243; _builder_version=&#187;4.9.2&#8243; custom_margin=&#187;|||&#187; custom_margin_tablet=&#187;90px|||&#187; custom_margin_last_edited=&#187;off|desktop&#187; always_center_on_mobile=&#187;off&#187; locked=&#187;off&#187;][\/et_pb_image][et_pb_social_media_follow _builder_version=&#187;4.9.2&#8243; text_orientation=&#187;center&#187; locked=&#187;off&#187;][et_pb_social_media_follow_network social_network=&#187;facebook&#187; url=&#187;https:\/\/www.facebook.com\/sinabellwald&#187; _builder_version=&#187;4.9.2&#8243; background_color=&#187;#181819&#8243; follow_button=&#187;off&#187; url_new_window=&#187;on&#187;]facebook[\/et_pb_social_media_follow_network][et_pb_social_media_follow_network social_network=&#187;twitter&#187; url=&#187;https:\/\/twitter.com\/SinaBellwald&#187; _builder_version=&#187;4.9.2&#8243; background_color=&#187;#181819&#8243; follow_button=&#187;off&#187; url_new_window=&#187;on&#187;]twitter[\/et_pb_social_media_follow_network][\/et_pb_social_media_follow][\/et_pb_column][et_pb_column type=&#187;2_3&#8243; _builder_version=&#187;3.25&#8243; custom_padding=&#187;|||&#187; custom_padding__hover=&#187;|||&#187;][et_pb_text _builder_version=&#187;4.9.2&#8243; text_font=&#187;||||||||&#187; text_text_color=&#187;#000000&#8243; text_font_size=&#187;18px&#187; header_font=&#187;||||||||&#187; header_text_color=&#187;#E02B20&#8243; header_3_font=&#187;Merriweather|700|||||||&#187; header_3_text_color=&#187;#4646c4&#8243; header_3_font_size=&#187;36px&#187; header_3_line_height=&#187;1.4em&#187; locked=&#187;off&#187;]<\/p>\n<h3><span style=\"color: #ff0000;\">Walliserin des Jahres 2020 &#8211; Sina<\/span><\/h3>\n<p>S\u00e4ngerin, Liedermacherin, Botschafterin des Walliser Dialekts<\/p>\n<p>[\/et_pb_text][et_pb_text _builder_version=&#187;4.9.2&#8243; text_font=&#187;||||||||&#187; text_font_size=&#187;18px&#187; text_line_height=&#187;1.8em&#187;]<\/p>\n<p><em>2019 war das Jahr von Sina: Das Album Emma wurde Nr 1, als erste Frau erhielt sie den Swiss Music Award fu\u0308r aussergew\u00f6hnliche Verdienste und mit ihrer \u201eEmma\u201c-Tournee sorgte sie, wo immer sie auftrat, fu\u0308r ausverkaufte H\u00e4user. Plenum VS<\/em><em>, ein Wirtschafts- und Kulturnetzwerk von Walliserinnen und Wallisern sowie Freunden des Wallis,<\/em><em>zeichnet die Ausnahmeku\u0308nstlerin als \u201eWalliserin des Jahres 2020\u201c aus, nicht nur wegen ihres Erfolgsjahres, sondern insbesondere auch f\u00fcr ihre \u00fcber 25j\u00e4hrige erfolgreiche Karriere als Mundarts\u00e4ngerin und damit auch als Botschafterin des Walliser Dialekts.<\/em><\/p>\n<p>[\/et_pb_text][\/et_pb_column][\/et_pb_row][et_pb_row column_structure=&#187;1_3,2_3&#8243; admin_label=&#187;Kehl&#187; _builder_version=&#187;4.9.2&#8243; custom_margin=&#187;|||&#187; custom_padding=&#187;40px|0px|40px|0px&#187;][et_pb_column type=&#187;1_3&#8243; _builder_version=&#187;3.25&#8243; custom_padding=&#187;|||&#187; custom_padding__hover=&#187;|||&#187;][et_pb_image src=&#187;https:\/\/plenum-vs.ch\/wp-content\/uploads\/2021\/03\/WdJ_Daniel_Kehl-1.jpg&#187; title_text=&#187;WdJ_Daniel_Kehl&#187; _builder_version=&#187;4.9.2&#8243; custom_margin=&#187;|||&#187; custom_margin_tablet=&#187;90px|||&#187; custom_margin_last_edited=&#187;off|desktop&#187; always_center_on_mobile=&#187;off&#187; locked=&#187;off&#187;][\/et_pb_image][et_pb_social_media_follow _builder_version=&#187;4.9.2&#8243; text_orientation=&#187;center&#187; locked=&#187;off&#187;][et_pb_social_media_follow_network social_network=&#187;facebook&#187; url=&#187;https:\/\/www.facebook.com\/search\/top?q=swissfillon%20ag&#187; _builder_version=&#187;4.9.2&#8243; background_color=&#187;#181819&#8243; follow_button=&#187;off&#187; url_new_window=&#187;on&#187;]facebook[\/et_pb_social_media_follow_network][et_pb_social_media_follow_network social_network=&#187;twitter&#187; url=&#187;https:\/\/twitter.com\/SwissFillonag&#187; _builder_version=&#187;4.9.2&#8243; background_color=&#187;#181819&#8243; follow_button=&#187;off&#187; url_new_window=&#187;on&#187;]twitter[\/et_pb_social_media_follow_network][et_pb_social_media_follow_network social_network=&#187;linkedin&#187; url=&#187;https:\/\/www.linkedin.com\/in\/danielkehl\/&#187; _builder_version=&#187;4.9.2&#8243; background_color=&#187;#181819&#8243; follow_button=&#187;off&#187; url_new_window=&#187;on&#187;]linkedin[\/et_pb_social_media_follow_network][\/et_pb_social_media_follow][\/et_pb_column][et_pb_column type=&#187;2_3&#8243; _builder_version=&#187;3.25&#8243; custom_padding=&#187;|||&#187; custom_padding__hover=&#187;|||&#187;][et_pb_text _builder_version=&#187;4.9.2&#8243; text_font=&#187;||||||||&#187; text_text_color=&#187;#7e7f93&#8243; text_font_size=&#187;18px&#187; header_font=&#187;||||||||&#187; header_3_font=&#187;Merriweather|700|||||||&#187; header_3_text_color=&#187;#4646c4&#8243; header_3_font_size=&#187;36px&#187; header_3_line_height=&#187;1.4em&#187; locked=&#187;off&#187;]<\/p>\n<h3><span style=\"color: #ff0000;\">Walliser des Jahres 2019: Daniel Kehl und das Swissfillon-Team<\/span><\/h3>\n<p>Unternehmer<\/p>\n<p>[\/et_pb_text][et_pb_text _builder_version=&#187;4.9.2&#8243; text_font=&#187;||||||||&#187; text_font_size=&#187;18px&#187; text_line_height=&#187;1.8em&#187;]<\/p>\n<p style=\"text-align: left;\"><em>Der innovative Visper Unternehmer Daniel Kehl ist Walliser des Jahres 2019! Der Titel wurde zum 11. Mal vom Plenum VS vergeben.. Daniel Kehl und sein Team wurde an der Ehrung im Kursaal Bern f\u00fcr sein leidenschaftliches Engagement als Unternehmer und Innovator ausgezeichnet. Sein Unternehmen Swissfillon AG hat bei<\/em><em> der sterilen Abf\u00fcllung komplexer Fl\u00fcssigkeiten f\u00fcr die Pharmaindustrie internationale Standards neu definiert.<\/em><\/p>\n<p>[\/et_pb_text][\/et_pb_column][\/et_pb_row][et_pb_row column_structure=&#187;1_3,2_3&#8243; admin_label=&#187;Steiner&#187; _builder_version=&#187;4.9.2&#8243; custom_margin=&#187;|||&#187; custom_padding=&#187;40px|0px|40px|0px&#187;][et_pb_column type=&#187;1_3&#8243; _builder_version=&#187;3.25&#8243; custom_padding=&#187;|||&#187; custom_padding__hover=&#187;|||&#187;][et_pb_image src=&#187;https:\/\/plenum-vs.ch\/wp-content\/uploads\/2021\/03\/Unbenannt-e1617048940977.jpg&#187; title_text=&#187;Unbenannt&#187; _builder_version=&#187;4.9.2&#8243; custom_margin=&#187;|||&#187; custom_margin_tablet=&#187;90px|||&#187; custom_margin_last_edited=&#187;off|desktop&#187; always_center_on_mobile=&#187;off&#187; locked=&#187;off&#187;][\/et_pb_image][\/et_pb_column][et_pb_column type=&#187;2_3&#8243; _builder_version=&#187;3.25&#8243; custom_padding=&#187;|||&#187; custom_padding__hover=&#187;|||&#187;][et_pb_text _builder_version=&#187;4.9.2&#8243; text_font=&#187;||||||||&#187; text_text_color=&#187;#7e7f93&#8243; text_font_size=&#187;18px&#187; header_font=&#187;||||||||&#187; header_3_font=&#187;Merriweather|700|||||||&#187; header_3_text_color=&#187;#4646c4&#8243; header_3_font_size=&#187;36px&#187; header_3_line_height=&#187;1.4em&#187; locked=&#187;off&#187;]<\/p>\n<h3><span style=\"color: #ff0000;\">Walliser des Jahres 2017: Nicolas Steiner<\/span><\/h3>\n<p>Filmregisseur, Drehbuchautor, Produzent<\/p>\n<p>[\/et_pb_text][et_pb_text _builder_version=&#187;4.9.2&#8243; text_font=&#187;||||||||&#187; text_font_size=&#187;18px&#187; text_line_height=&#187;1.8em&#187;]<\/p>\n<p><em>Der Filmregisseur, Drehbuchautor und Produzent Nicolas Steiner ist Walliser des Jahres 2017! Der 33j\u00e4hrige Turtm\u00e4nner feierte seinen gr\u00f6ssten bisherigen Erfolg mit dem 2015 ver\u00f6ffentlichten Film &#171;Above and Below\u201c, einer rauen Achterbahnfahrt durch eine apokalyptische Welt, die sich um die zentrale Frage dreht, wo es uns hinzieht auf der Flucht vor Strukturen, wie sie uns allen tagt\u00e4glich begegnen, als Individuum, aber auch als Menschheit? F\u00fcr dieses Werk wurde er unter anderem mit dreimal Quartz (Schweizer Filmpreis f\u00fcr besten Film, bester Schnitt und beste Mischung) sowie zweimal Lola (Deutscher Filmpreis f\u00fcr beste Kamera, bester Film) ausgezeichnet.<\/em><\/p>\n<p>[\/et_pb_text][\/et_pb_column][\/et_pb_row][et_pb_row column_structure=&#187;1_3,2_3&#8243; admin_label=&#187;OAG&#187; _builder_version=&#187;4.9.2&#8243; custom_margin=&#187;|||&#187; custom_padding=&#187;40px|0px|40px|0px&#187;][et_pb_column type=&#187;1_3&#8243; _builder_version=&#187;3.25&#8243; custom_padding=&#187;|||&#187; custom_padding__hover=&#187;|||&#187;][et_pb_image src=&#187;https:\/\/plenum-vs.ch\/wp-content\/uploads\/2021\/03\/pllenum-vs_uebergabe.jpg&#187; title_text=&#187;pllenum vs_\u00fcbergabe&#187; _builder_version=&#187;4.9.2&#8243; custom_margin=&#187;|||&#187; custom_margin_tablet=&#187;90px|||&#187; custom_margin_last_edited=&#187;off|desktop&#187; always_center_on_mobile=&#187;off&#187; locked=&#187;off&#187;][\/et_pb_image][et_pb_social_media_follow _builder_version=&#187;4.9.2&#8243; text_orientation=&#187;center&#187; locked=&#187;off&#187;][et_pb_social_media_follow_network social_network=&#187;facebook&#187; url=&#187;https:\/\/www.facebook.com\/openairgampel&#187; _builder_version=&#187;3.0.101&#8243; background_color=&#187;#181819&#8243; follow_button=&#187;off&#187; url_new_window=&#187;on&#187;]facebook[\/et_pb_social_media_follow_network][et_pb_social_media_follow_network social_network=&#187;twitter&#187; url=&#187;https:\/\/twitter.com\/search?q=openair%20gampel&#038;src=typed_query&#187; _builder_version=&#187;4.9.2&#8243; background_color=&#187;#181819&#8243; follow_button=&#187;off&#187; url_new_window=&#187;on&#187;]twitter[\/et_pb_social_media_follow_network][\/et_pb_social_media_follow][\/et_pb_column][et_pb_column type=&#187;2_3&#8243; _builder_version=&#187;3.25&#8243; custom_padding=&#187;|||&#187; custom_padding__hover=&#187;|||&#187;][et_pb_text _builder_version=&#187;4.9.2&#8243; text_font=&#187;||||||||&#187; text_text_color=&#187;#7e7f93&#8243; text_font_size=&#187;18px&#187; header_font=&#187;||||||||&#187; header_3_font=&#187;Merriweather|700|||||||&#187; header_3_text_color=&#187;#4646c4&#8243; header_3_font_size=&#187;36px&#187; header_3_line_height=&#187;1.4em&#187; locked=&#187;off&#187;]<\/p>\n<h3><span style=\"color: #ff0000;\">Walliser des Jahres 2016 &#8211; Openair Gampel<\/span><\/h3>\n<p>Openair Festival<\/p>\n<p>[\/et_pb_text][et_pb_text _builder_version=&#187;4.9.2&#8243; text_font=&#187;||||||||&#187; text_font_size=&#187;18px&#187; text_line_height=&#187;1.8em&#187;]<\/p>\n<p><em>Mit\u00a0dem Open Air Gampel hat Plenum VS erstmals eine Organisation als Walliser des Jahres\u00a0ausgezeichnet.\u00a0Das Open\u00a0Air Gampel ist der neunte Tr\u00e4ger\u00a0dieses Titels.In ihrer Laudatio stellte die\u00a0Gampjer Gemeinder\u00e4tin Silvia\u00a0Schmidt die Bedeutung des Open\u00a0Air Gampel fu\u0308r die Gemeinde, die\u00a0Region und den Kanton als kultureller\u00a0H\u00f6hepunkt, aber auch als\u00a0wesentliche wirtschaftliche Wertsch\u00f6pfung\u00a0ins richtige Licht. Mit\u00a0104000 Besucherinnen und Besuchern\u00a0hat das Festival letztes Jahr\u00a0zum 30-Jahr-Jubil\u00e4um einen neuen\u00a0Zenit erreicht und ist national zum\u00a0drittgr\u00f6ssten Festival avanciert.<\/em><\/p>\n<p>[\/et_pb_text][\/et_pb_column][\/et_pb_row][et_pb_row column_structure=&#187;1_3,2_3&#8243; admin_label=&#187;Bregy Biffiger&#187; _builder_version=&#187;4.9.2&#8243; custom_margin=&#187;|||&#187; custom_padding=&#187;40px|0px|40px|0px&#187; locked=&#187;off&#187;][et_pb_column type=&#187;1_3&#8243; _builder_version=&#187;3.25&#8243; custom_padding=&#187;|||&#187; custom_padding__hover=&#187;|||&#187;][et_pb_image src=&#187;https:\/\/plenum-vs.ch\/wp-content\/uploads\/2021\/03\/WdJ_Bregy_Biffiger-1024&#215;857-1.jpg&#187; title_text=&#187;WdJ_Bregy_Biffiger-1024&#215;857&#8243; _builder_version=&#187;4.9.2&#8243; custom_margin=&#187;|||&#187; custom_margin_tablet=&#187;90px|||&#187; custom_margin_last_edited=&#187;off|desktop&#187; always_center_on_mobile=&#187;off&#187; locked=&#187;off&#187;][\/et_pb_image][\/et_pb_column][et_pb_column type=&#187;2_3&#8243; _builder_version=&#187;3.25&#8243; custom_padding=&#187;|||&#187; custom_padding__hover=&#187;|||&#187;][et_pb_text _builder_version=&#187;4.9.2&#8243; text_font=&#187;||||||||&#187; text_text_color=&#187;#7e7f93&#8243; text_font_size=&#187;18px&#187; header_font=&#187;||||||||&#187; header_3_font=&#187;Merriweather|700|||||||&#187; header_3_text_color=&#187;#4646c4&#8243; header_3_font_size=&#187;36px&#187; header_3_line_height=&#187;1.4em&#187; locked=&#187;off&#187;]<\/p>\n<h3><span style=\"color: #ff0000;\"><strong>Walliser des Jahres 2015:\u00a0<\/strong><\/span><span style=\"color: #ff0000;\"><strong>Franz Biffiger und\u00a0<\/strong><\/span><span style=\"color: #ff0000;\"><strong>Jean Claude Bregy<\/strong><\/span><\/h3>\n<p>Unternehmer Bregy und Lebenswerk f\u00fcr Biffiger<\/p>\n<p>[\/et_pb_text][et_pb_text _builder_version=&#187;4.9.2&#8243; text_font=&#187;||||||||&#187; text_font_size=&#187;18px&#187; text_line_height=&#187;1.8em&#187;]<\/p>\n<p><em><span lang=\"DE\">Der Unternehmer Jean Claude Bregy ist Walliser des Jahres 2015! Der Titel wurde zum achten Mal am Josefstag an einem ausverkauften Event im Schiffbau in Z<\/span><span lang=\"DE\">\u00fc<\/span><span lang=\"DE\">rich vom Plenum VS vergeben, <\/span><span lang=\"DE\">Der Architekt und Jazzmusiker Franz Biffiger\u00a0 wurde f<\/span><span lang=\"DE\">\u00fc<\/span><span lang=\"DE\">r sein Lebenswerk ausgezeichnet.\u00a0<\/span>Jean Claude Bregy, der von seinem Laudator UBS-Manager Urs Antonioli vorgestellt wurde, hat die Auszeichnung als ein Unternehmer verdient, der es in weniger als drei Jahren vom Kauf einer Firma zu einer Gruppengesellschaft mit elf Firmen, 400 Mitarbeitenden und einem Umsatz von\u00a0<span lang=\"DE\">\u00fc<\/span><span lang=\"DE\">ber 100 Millionen Schweizer Franken schaffte. Der in St. Niklaus heimatberechtigte Franz Biffiger wurde von seinem Freund Franziskus Abgottspon in einer humorvollen Laudatio portr<\/span><span lang=\"DE\">\u00e4<\/span><span lang=\"DE\">tiert. Biffiger wurde wurde f\u00fcr seine Leistungen als Architekt und Jazzpianist geehrt.\u00a0<\/span><span lang=\"DE\">Die Auszeichnung als <\/span><span lang=\"DE\">Walliser des Jahres &#8211; Lebenswerk wurde<\/span><span lang=\"DE\">\u00a0zum ersten Mal vergeben.<\/span><\/em><\/p>\n<p>[\/et_pb_text][\/et_pb_column][\/et_pb_row][et_pb_row column_structure=&#187;1_3,2_3&#8243; admin_label=&#187;Lehky&#187; _builder_version=&#187;4.9.2&#8243; custom_margin=&#187;|||&#187; custom_padding=&#187;40px|0px|40px|0px&#187; locked=&#187;off&#187;][et_pb_column type=&#187;1_3&#8243; _builder_version=&#187;3.25&#8243; custom_padding=&#187;|||&#187; custom_padding__hover=&#187;|||&#187;][et_pb_image src=&#187;https:\/\/plenum-vs.ch\/wp-content\/uploads\/2021\/03\/Lehky.png&#187; title_text=&#187;Lehky&#187; _builder_version=&#187;4.9.2&#8243; custom_margin=&#187;|||&#187; custom_margin_tablet=&#187;90px|||&#187; custom_margin_last_edited=&#187;off|desktop&#187; always_center_on_mobile=&#187;off&#187; locked=&#187;off&#187;][\/et_pb_image][\/et_pb_column][et_pb_column type=&#187;2_3&#8243; _builder_version=&#187;3.25&#8243; custom_padding=&#187;|||&#187; custom_padding__hover=&#187;|||&#187;][et_pb_text _builder_version=&#187;4.9.2&#8243; text_font=&#187;||||||||&#187; text_text_color=&#187;#7e7f93&#8243; text_font_size=&#187;18px&#187; header_font=&#187;||||||||&#187; header_3_font=&#187;Merriweather|700|||||||&#187; header_3_text_color=&#187;#4646c4&#8243; header_3_font_size=&#187;36px&#187; header_3_line_height=&#187;1.4em&#187; locked=&#187;off&#187;]<\/p>\n<h3><span style=\"color: #ff0000;\">Walliser des Jahres 2014: Pavel Lehky<\/span><\/h3>\n<p>Ingenieur<\/p>\n<p>[\/et_pb_text][et_pb_text _builder_version=&#187;4.9.2&#8243; text_font=&#187;||||||||&#187; text_font_size=&#187;18px&#187; text_line_height=&#187;1.8em&#187;]<\/p>\n<p><em>Das Plenum VS zeichnet Pavel Lehky mit dem Titel \u201eWalliser des Jahres\u201c f\u00fcr seinen innovativen Geist und sein Engagement f\u00fcr essentielle Belange der Menschheit aus. Pavel Lehky wurde honoriert, f\u00fcr seine Technologie, sauberes Wasser an Orten mit grossem Wassermangel verf\u00fcgbar zu machen und ganz besonders f\u00fcr seinen Willen, wirklich bed\u00fcrftigen Menschen einen erschwinglichen Zugang zu diese Technologie zu erm\u00f6glichen. Die von ihm entwickelte Maschine, kann Wasser-aus-Luft kondensieren und dies selbst in \u00e4usserst trockenen Regionen. Pavel Lehky, der w\u00e4hrend des kalten Krieges Teschchien verlassen hatte, ist heute B\u00fcrger von Naters.<\/em><\/p>\n<p>[\/et_pb_text][\/et_pb_column][\/et_pb_row][et_pb_row column_structure=&#187;1_3,2_3&#8243; admin_label=&#187;Borter&#187; _builder_version=&#187;4.9.2&#8243; custom_margin=&#187;|||&#187; custom_padding=&#187;40px|0px|40px|0px&#187; locked=&#187;off&#187;][et_pb_column type=&#187;1_3&#8243; _builder_version=&#187;3.25&#8243; custom_padding=&#187;|||&#187; custom_padding__hover=&#187;|||&#187;][et_pb_image src=&#187;https:\/\/plenum-vs.ch\/wp-content\/uploads\/2021\/03\/Pressefoto-1024&#215;677-1.jpg&#187; title_text=&#187;Pressefoto-1024&#215;677&#8243; _builder_version=&#187;4.9.2&#8243; custom_margin=&#187;|||&#187; custom_margin_tablet=&#187;90px|||&#187; custom_margin_last_edited=&#187;off|desktop&#187; always_center_on_mobile=&#187;off&#187; locked=&#187;off&#187;][\/et_pb_image][et_pb_social_media_follow _builder_version=&#187;4.9.2&#8243; text_orientation=&#187;center&#187; locked=&#187;off&#187;][et_pb_social_media_follow_network social_network=&#187;linkedin&#187; url=&#187;https:\/\/www.linkedin.com\/in\/nadine-borter-a57214b4\/&#187; _builder_version=&#187;4.9.2&#8243; background_color=&#187;#181819&#8243; follow_button=&#187;off&#187; url_new_window=&#187;on&#187;]linkedin[\/et_pb_social_media_follow_network][\/et_pb_social_media_follow][\/et_pb_column][et_pb_column type=&#187;2_3&#8243; _builder_version=&#187;3.25&#8243; custom_padding=&#187;|||&#187; custom_padding__hover=&#187;|||&#187;][et_pb_text _builder_version=&#187;4.9.2&#8243; text_font=&#187;||||||||&#187; text_text_color=&#187;#7e7f93&#8243; text_font_size=&#187;18px&#187; header_font=&#187;||||||||&#187; header_3_font=&#187;Merriweather|700|||||||&#187; header_3_text_color=&#187;#4646c4&#8243; header_3_font_size=&#187;36px&#187; header_3_line_height=&#187;1.4em&#187; locked=&#187;off&#187;]<\/p>\n<h3><span style=\"color: #ff0000;\">Walliserin des Jahres 2013: Nadine Borter<\/span><\/h3>\n<p>Unternehmerin, Werberin<\/p>\n<p>[\/et_pb_text][et_pb_text _builder_version=&#187;4.9.2&#8243; text_font=&#187;||||||||&#187; text_font_size=&#187;18px&#187; text_line_height=&#187;1.8em&#187;]<\/p>\n<p><em>Die Unternehmerin, Werberin und Mutter Nadine Borter ist \u201eWalliserin des Jahres 2012\u201c. Der Verein \u201ePlenum VS\u201c zeichnete die Natischerin f\u00fcr ihre Vielseitigkeit, ihr Engagement und ihre Kreativit\u00e4t aus.Nadine Borter startete ihre professionelle Karriere als Parktikantin bei Contexta und hat sich \u00fcber die Jahre ihren Weg an die Spitze des Unternehmens erarbeitet. Auf der kreativen Seite wurde diese Arbeit mit der Auszeichnung als beste Werberin geehrt und unternehmerisch konnte sie das Unternehmen Contexta \u00fcbernehmen. Sie beweist ebenfalls ein ausserordentliches Geschick, die berufliche Herausforderung mit der famil\u00e4ren Anspr\u00fcchen unter einen Hut zu bringen. <\/em><\/p>\n<p><em>\u00a0<\/em><\/p>\n<p>[\/et_pb_text][\/et_pb_column][\/et_pb_row][et_pb_row column_structure=&#187;1_3,2_3&#8243; admin_label=&#187;Biner&#187; _builder_version=&#187;4.9.2&#8243; custom_margin=&#187;|||&#187; custom_padding=&#187;40px|0px|40px|0px&#187; locked=&#187;off&#187;][et_pb_column type=&#187;1_3&#8243; _builder_version=&#187;3.25&#8243; custom_padding=&#187;|||&#187; custom_padding__hover=&#187;|||&#187;][et_pb_image src=&#187;https:\/\/plenum-vs.ch\/wp-content\/uploads\/2021\/03\/Biner.png&#187; title_text=&#187;Biner&#187; _builder_version=&#187;4.9.2&#8243; custom_margin=&#187;|||&#187; custom_margin_tablet=&#187;90px|||&#187; custom_margin_last_edited=&#187;off|desktop&#187; always_center_on_mobile=&#187;off&#187; locked=&#187;off&#187;][\/et_pb_image][et_pb_social_media_follow _builder_version=&#187;4.9.2&#8243; text_orientation=&#187;center&#187; locked=&#187;off&#187;][et_pb_social_media_follow_network social_network=&#187;facebook&#187; url=&#187;https:\/\/www.facebook.com\/hermann.biner&#187; _builder_version=&#187;4.9.2&#8243; background_color=&#187;#181819&#8243; follow_button=&#187;off&#187; url_new_window=&#187;on&#187;]facebook[\/et_pb_social_media_follow_network][et_pb_social_media_follow_network social_network=&#187;linkedin&#187; url=&#187;https:\/\/www.linkedin.com\/in\/hermann-biner-70015249\/&#187; _builder_version=&#187;4.9.2&#8243; background_color=&#187;#181819&#8243; follow_button=&#187;off&#187; url_new_window=&#187;on&#187;]linkedin[\/et_pb_social_media_follow_network][\/et_pb_social_media_follow][\/et_pb_column][et_pb_column type=&#187;2_3&#8243; _builder_version=&#187;3.25&#8243; custom_padding=&#187;|||&#187; custom_padding__hover=&#187;|||&#187;][et_pb_text _builder_version=&#187;4.9.2&#8243; text_font=&#187;||||||||&#187; text_text_color=&#187;#7e7f93&#8243; text_font_size=&#187;18px&#187; header_font=&#187;||||||||&#187; header_3_font=&#187;Merriweather|700|||||||&#187; header_3_text_color=&#187;#4646c4&#8243; header_3_font_size=&#187;36px&#187; header_3_line_height=&#187;1.4em&#187; locked=&#187;off&#187;]<\/p>\n<h3><span style=\"color: #ff0000;\">Walliser des Jahres 2011: Hermann Biner<\/span><\/h3>\n<div>Unternehmer, Bergf\u00fchrer, Buchautor und Musiker<\/div>\n<p>[\/et_pb_text][et_pb_text _builder_version=&#187;4.9.2&#8243; text_font=&#187;||||||||&#187; text_font_size=&#187;18px&#187; text_line_height=&#187;1.8em&#187;]<\/p>\n<p><em>Der Unternehmer, Bergf\u00fchrer, Buchautor und Musiker Hermann Biner ist \u201eWalliser des Jahres 2010\u201c. Der Verein \u201ePlenum VS\u201c zeichnete gestern den Zermatter f\u00fcr seine Vielseitigkeit, sein Engagement und seine Genauigkeit aus.\u00a0Die Jury ehrt Hermann Biner f\u00fcr seine einmalige Karriere, welche von einer riesigen Vielf\u00e4ltigkeit gepr\u00e4gt ist. Der promovierte Mathematiker unterrichtete am Kollegium in Brig bevor er das Softwareunternehmen BBT Software gr\u00fcndete. BBT Software ist ein f\u00fchrender Anbieter von Softwarel\u00f6sungen f\u00fcr Krankenkassen und besch\u00e4ftigt \u00fcber 50 Mitarbeiter. Neben der Arbeit als Unternehmer ist Hermann Biner als Bergf\u00fchrer t\u00e4tig und pr\u00e4sidiert den internationalen Bergf\u00fchrverband. In dieser Zeit verfasste er den SAC Alpinf\u00fchrer \u201eHochtouren im Wallis\u201c. Er spielt als Amateurmusiker in einer semiprofessionellen Band im Visper Jazzkeller.<\/em><\/p>\n<p>&nbsp;<\/p>\n<p>[\/et_pb_text][\/et_pb_column][\/et_pb_row][et_pb_row column_structure=&#187;1_3,2_3&#8243; admin_label=&#187;Margelist&#187; _builder_version=&#187;4.9.2&#8243; custom_margin=&#187;|||&#187; custom_padding=&#187;40px|0px|40px|0px&#187; locked=&#187;off&#187;][et_pb_column type=&#187;1_3&#8243; _builder_version=&#187;3.25&#8243; custom_padding=&#187;|||&#187; custom_padding__hover=&#187;|||&#187;][et_pb_image src=&#187;https:\/\/plenum-vs.ch\/wp-content\/uploads\/2021\/03\/margelist.jpg&#187; title_text=&#187;margelist&#187; _builder_version=&#187;4.9.2&#8243; custom_margin=&#187;|||&#187; custom_margin_tablet=&#187;90px|||&#187; custom_margin_last_edited=&#187;off|desktop&#187; always_center_on_mobile=&#187;off&#187; locked=&#187;off&#187;][\/et_pb_image][et_pb_social_media_follow _builder_version=&#187;4.9.2&#8243; text_orientation=&#187;center&#187; locked=&#187;off&#187;][et_pb_social_media_follow_network social_network=&#187;linkedin&#187; url=&#187;https:\/\/www.linkedin.com\/in\/adrian-josef-margelist-55971498\/&#187; _builder_version=&#187;4.9.2&#8243; background_color=&#187;#181819&#8243; follow_button=&#187;off&#187; url_new_window=&#187;on&#187;]linkedin[\/et_pb_social_media_follow_network][\/et_pb_social_media_follow][\/et_pb_column][et_pb_column type=&#187;2_3&#8243; _builder_version=&#187;3.25&#8243; custom_padding=&#187;|||&#187; custom_padding__hover=&#187;|||&#187;][et_pb_text _builder_version=&#187;4.9.2&#8243; text_font=&#187;||||||||&#187; text_text_color=&#187;#7e7f93&#8243; text_font_size=&#187;18px&#187; header_font=&#187;||||||||&#187; header_3_font=&#187;Merriweather|700|||||||&#187; header_3_text_color=&#187;#4646c4&#8243; header_3_font_size=&#187;36px&#187; header_3_line_height=&#187;1.4em&#187; locked=&#187;off&#187;]<\/p>\n<h3><span style=\"color: #ff0000;\">Walliser des Jahres 2010: Adrian Margelist<\/span><\/h3>\n<p>Designer, Artistic Director<\/p>\n<p>[\/et_pb_text][et_pb_text _builder_version=&#187;4.9.2&#8243; text_font=&#187;||||||||&#187; text_font_size=&#187;18px&#187; text_line_height=&#187;1.8em&#187;]<\/p>\n<p><em>Als 32-j\u00e4hriger ist Adrian Margelist zum Global Artistic Director bei MCM berufen worden. Bei dem Accessoires- und Taschen-Spezialisten mit Hauptsitz in Mailand hat er die kreative Leitung der kompletten Marke inne und koordiniert vom B\u00fcro in Lugano aus die Design-Teams in Florenz, Mailand, Paris, Lugano und Korea.\u00a0Adrian Margelist \u00a0ist bereits in vielen nahmhaften Modefirmen in London, Paris und D\u00fcsseldorf t\u00e4tig gewesen.Seine berufliche Karriere startete er nach dem Modestudium in Z\u00fcrich und dem Master of Fashion in Mailand bei Vivienne Westwood in London.\u00a0<\/em><\/p>\n<p>[\/et_pb_text][\/et_pb_column][\/et_pb_row][et_pb_row column_structure=&#187;1_3,2_3&#8243; admin_label=&#187;Anthamatten&#187; _builder_version=&#187;4.9.2&#8243; custom_margin=&#187;|||&#187; custom_padding=&#187;40px|0px|40px|0px&#187; locked=&#187;off&#187;][et_pb_column type=&#187;1_3&#8243; _builder_version=&#187;3.25&#8243; custom_padding=&#187;|||&#187; custom_padding__hover=&#187;|||&#187;][et_pb_image src=&#187;https:\/\/plenum-vs.ch\/wp-content\/uploads\/2021\/03\/anthamatten.png&#187; title_text=&#187;anthamatten&#187; _builder_version=&#187;4.9.2&#8243; custom_margin=&#187;|||&#187; custom_margin_tablet=&#187;90px|||&#187; custom_margin_last_edited=&#187;off|desktop&#187; always_center_on_mobile=&#187;off&#187; locked=&#187;off&#187;][\/et_pb_image][\/et_pb_column][et_pb_column type=&#187;2_3&#8243; _builder_version=&#187;3.25&#8243; custom_padding=&#187;|||&#187; custom_padding__hover=&#187;|||&#187;][et_pb_text _builder_version=&#187;4.9.2&#8243; text_font=&#187;||||||||&#187; text_text_color=&#187;#7e7f93&#8243; text_font_size=&#187;18px&#187; header_font=&#187;||||||||&#187; header_3_font=&#187;Merriweather|700|||||||&#187; header_3_text_color=&#187;#4646c4&#8243; header_3_font_size=&#187;36px&#187; header_3_line_height=&#187;1.4em&#187; locked=&#187;off&#187;]<\/p>\n<h3><span style=\"color: #ff0000;\">Walliser des Jahres 2009: Simon Anthamatten<\/span><\/h3>\n<p>Bergsteiger<\/p>\n<p>[\/et_pb_text][et_pb_text _builder_version=&#187;4.9.2&#8243; text_font=&#187;||||||||&#187; text_font_size=&#187;18px&#187; text_line_height=&#187;1.8em&#187;]<\/p>\n<div><em>Der Zermatter Bergsteiger Simon Anthamatten ist \u201eWalliser des Jahres 2008\u201c. Der Verein \u201ePlenum VS\u201c zeichnete den 25-J\u00e4hrigen f\u00fcr seinen Einsatz mit Ueli Steck zur Rettung spanischer Bergsteiger im Himalaya aus. Die Rettungsaktion raubte ihm die Kraft, danach die Annapurna S\u00fcdwand zu durchsteigen.\u201eMit seinem Einsatz rettete Simon Anthamatten Menschenleben und lebte Bergkameradschaft vor. Dabei setzte er seine eigenen Ambitionen zur\u00fcck und ist ein Vorbild f\u00fcr alle Kletterer\u201c, begr\u00fcndete die Jury den Entscheid.Simon Anthamatten geh\u00f6rt zu den besten Alpinisten der Schweiz. <\/em><\/div>\n<p>[\/et_pb_text][\/et_pb_column][\/et_pb_row][et_pb_row column_structure=&#187;1_3,2_3&#8243; admin_label=&#187;Harnisch&#187; _builder_version=&#187;4.9.2&#8243; custom_margin=&#187;|||&#187; custom_padding=&#187;40px|0px|40px|0px&#187; locked=&#187;off&#187;][et_pb_column type=&#187;1_3&#8243; _builder_version=&#187;3.25&#8243; custom_padding=&#187;|||&#187; custom_padding__hover=&#187;|||&#187;][et_pb_image src=&#187;https:\/\/plenum-vs.ch\/wp-content\/uploads\/2021\/03\/RACHEL_HARNISCH_10.jpg&#187; title_text=&#187;RACHEL_HARNISCH_10&#8243; _builder_version=&#187;4.9.2&#8243; custom_margin=&#187;|||&#187; custom_margin_tablet=&#187;90px|||&#187; custom_margin_last_edited=&#187;off|desktop&#187; always_center_on_mobile=&#187;off&#187; locked=&#187;off&#187;][\/et_pb_image][et_pb_social_media_follow _builder_version=&#187;4.9.2&#8243; text_orientation=&#187;center&#187; locked=&#187;off&#187;][et_pb_social_media_follow_network social_network=&#187;facebook&#187; url=&#187;https:\/\/www.facebook.com\/rachel.harnisch.10&#8243; _builder_version=&#187;4.9.2&#8243; background_color=&#187;#181819&#8243; follow_button=&#187;off&#187; url_new_window=&#187;on&#187;]facebook[\/et_pb_social_media_follow_network][et_pb_social_media_follow_network social_network=&#187;twitter&#187; url=&#187;https:\/\/twitter.com\/harnisch_rachel&#187; _builder_version=&#187;4.9.2&#8243; background_color=&#187;#181819&#8243; follow_button=&#187;off&#187; url_new_window=&#187;on&#187;]twitter[\/et_pb_social_media_follow_network][\/et_pb_social_media_follow][\/et_pb_column][et_pb_column type=&#187;2_3&#8243; _builder_version=&#187;3.25&#8243; custom_padding=&#187;|||&#187; custom_padding__hover=&#187;|||&#187;][et_pb_text _builder_version=&#187;4.9.2&#8243; text_font=&#187;||||||||&#187; text_text_color=&#187;#7e7f93&#8243; text_font_size=&#187;18px&#187; header_font=&#187;||||||||&#187; header_3_font=&#187;Merriweather|700|||||||&#187; header_3_text_color=&#187;#4646c4&#8243; header_3_font_size=&#187;36px&#187; header_3_line_height=&#187;1.4em&#187; locked=&#187;off&#187;]<\/p>\n<h3><span style=\"color: #ff0000;\">Walliserin des Jahres 2008: Rachel Harnisch<\/span><\/h3>\n<p>Soprans\u00e4ngerin<\/p>\n<p>[\/et_pb_text][et_pb_text _builder_version=&#187;4.9.2&#8243; text_font=&#187;||||||||&#187; text_font_size=&#187;18px&#187; text_line_height=&#187;1.8em&#187;]<\/p>\n<p><em>Aus vier nominierten Kandidaten hat die Plenum VS Jury die Soprans\u00e4ngerin Rachel Harnisch als Walliserin des Jahres gew\u00e4hlt, weil sie ausgezeichnete s\u00e4ngerische Leistungen an diversen Opernh\u00e4usern und B\u00fchnen Europas erbracht hat.\u00a0Rachel Harnisch hat sich nach der Matura in Brig f\u00fcr die schwierige Laufbahn im Rampenlicht entschieden.<\/em><\/p>\n<p>[\/et_pb_text][\/et_pb_column][\/et_pb_row][et_pb_row column_structure=&#187;1_3,2_3&#8243; _builder_version=&#187;3.25&#8243; custom_margin=&#187;|||&#187; custom_padding=&#187;40px|0px|40px|0px&#187; locked=&#187;off&#187;][et_pb_column type=&#187;1_3&#8243; _builder_version=&#187;3.25&#8243; custom_padding=&#187;|||&#187; custom_padding__hover=&#187;|||&#187;][et_pb_image src=&#187;https:\/\/plenum-vs.ch\/wp-content\/uploads\/2021\/03\/roth.jpg&#187; title_text=&#187;roth&#187; _builder_version=&#187;4.9.2&#8243; custom_margin=&#187;|||&#187; custom_margin_tablet=&#187;90px|||&#187; custom_margin_last_edited=&#187;off|desktop&#187; always_center_on_mobile=&#187;off&#187; locked=&#187;off&#187;][\/et_pb_image][et_pb_social_media_follow _builder_version=&#187;4.9.2&#8243; text_orientation=&#187;center&#187; locked=&#187;off&#187;][et_pb_social_media_follow_network social_network=&#187;linkedin&#187; url=&#187;https:\/\/www.linkedin.com\/in\/jean-pierre-roth-b65ab714b\/&#187; _builder_version=&#187;4.9.2&#8243; background_color=&#187;#181819&#8243; follow_button=&#187;off&#187; url_new_window=&#187;on&#187;]linkedin[\/et_pb_social_media_follow_network][\/et_pb_social_media_follow][\/et_pb_column][et_pb_column type=&#187;2_3&#8243; _builder_version=&#187;3.25&#8243; custom_padding=&#187;|||&#187; custom_padding__hover=&#187;|||&#187;][et_pb_text _builder_version=&#187;4.9.2&#8243; text_font=&#187;||||||||&#187; text_text_color=&#187;#7e7f93&#8243; text_font_size=&#187;18px&#187; header_font=&#187;||||||||&#187; header_3_font=&#187;Merriweather|700|||||||&#187; header_3_text_color=&#187;#4646c4&#8243; header_3_font_size=&#187;36px&#187; header_3_line_height=&#187;1.4em&#187; locked=&#187;off&#187;]<\/p>\n<h3><span style=\"color: #ff0000;\">Walliser des Jahres 2007: Dr. Jean-Pierre Roth<\/span><\/h3>\n<p>Pr\u00e4sident des Direktoriums der Schweizerischen Nationalbank<\/p>\n<p>[\/et_pb_text][et_pb_text _builder_version=&#187;4.9.2&#8243; text_font=&#187;||||||||&#187; text_font_size=&#187;18px&#187; text_line_height=&#187;1.8em&#187;]<\/p>\n<p><em>Mit der Auszeichnung \u201eWalliser des Jahres 2007\u201c wurde Dr. Jean-Pierre Roth, Pr\u00e4sident des Direktoriums der Schweizerischen Nationalbank, vom Verein Plenum VS in Z\u00fcrich ausgezeichnet.\u00a0Dr. Jean-Pierre Roth erhielt die Auszeichnung f\u00fcr seine langj\u00e4hrigen und besonderen Leistungen an der Spitze der Schweizerischen Nationalbank, wo er massgeblich an der Erhaltung einer tiefen Inflationsrate und der Stabilit\u00e4t des Schweizer Frankens mitgewirkt hat. \u201eDurch seine gradlinige und solide Art des Schaffens ist Dr. Jean-Pierre Roth ein Symbol f\u00fcr die Stabilit\u00e4t der Schweizer Wirtschaft; er ist ein Spitzen\u00f6konom unter Spitzen\u00f6konomen\u201c, begr\u00fcndete Jurypr\u00e4sident Dr. Thomas Gsponer, Direktor des Verbandes Viscom und vormals Direktor der Walliser Industrie- und Handelskammer, den Entscheid.<\/em><\/p>\n<p>[\/et_pb_text][\/et_pb_column][\/et_pb_row][\/et_pb_section][et_pb_section fb_built=&#187;1&#8243; disabled_on=&#187;on|on|on&#187; admin_label=&#187;Contact&#187; _builder_version=&#187;3.22&#8243; background_color=&#187;#313476&#8243; custom_padding=&#187;0px|0px|0px|0px&#187; animation_style=&#187;slide&#187; animation_direction=&#187;bottom&#187; animation_intensity_slide=&#187;20%&#187; animation_starting_opacity=&#187;100%&#187; box_shadow_style=&#187;preset7&#8243; box_shadow_horizontal=&#187;0px&#187; box_shadow_vertical=&#187;80px&#187; box_shadow_spread=&#187;-14px&#187; box_shadow_color=&#187;#ffffff&#187; disabled=&#187;on&#187;][et_pb_row column_structure=&#187;1_2,1_2&#8243; use_custom_gutter=&#187;on&#187; gutter_width=&#187;1&#8243; make_equal=&#187;on&#187; module_class=&#187; et_pb_row_fullwidth&#187; _builder_version=&#187;3.25&#8243; width=&#187;100%&#187; width_tablet=&#187;100%&#187; width_phone=&#187;&#187; width_last_edited=&#187;on|desktop&#187; max_width=&#187;100%&#187; max_width_tablet=&#187;100%&#187; max_width_phone=&#187;&#187; max_width_last_edited=&#187;on|desktop&#187; custom_padding=&#187;0px||0px|&#187; make_fullwidth=&#187;on&#187;][et_pb_column type=&#187;1_2&#8243; _builder_version=&#187;3.25&#8243; custom_padding=&#187;110px|8%|70px|12%&#187; custom_padding__hover=&#187;|||&#187;][et_pb_text admin_label=&#187;Title&#187; _builder_version=&#187;3.27.4&#8243; text_font=&#187;||||||||&#187; header_font=&#187;||||||||&#187; header_2_font=&#187;Montserrat|700|||||||&#187; header_2_font_size=&#187;40px&#187; header_2_line_height=&#187;1.3em&#187; background_layout=&#187;dark&#187; module_alignment=&#187;center&#187; custom_margin=&#187;20px|||&#187; custom_padding=&#187;|||&#187; locked=&#187;off&#187;]<\/p>\n<h2>Register Now!<\/h2>\n<p>[\/et_pb_text][et_pb_text _builder_version=&#187;3.27.4&#8243; text_font=&#187;||||||||&#187; text_text_color=&#187;rgba(255,255,255,0.7)&#187; text_font_size=&#187;18px&#187; text_line_height=&#187;1.8em&#187; header_font=&#187;||||||||&#187; background_layout=&#187;dark&#187; custom_margin=&#187;16px|||&#187;]Lorem ipsum dolor sit amet, consectetur adipiscing elit. Quisque placerat sapien condimentum imperdiet cursus.\u00a0Lorem ipsum dolor sit amet, consectetur adipiscing elit. Quisque placerat sapien condimentum imperdiet cursus.<br \/>\n[\/et_pb_text][et_pb_button button_text=&#187;Ticket Info&#187; _builder_version=&#187;3.16&#8243; custom_button=&#187;on&#187; button_text_size=&#187;16px&#187; button_bg_color=&#187;#d34c4c&#187; button_border_width=&#187;8px&#187; button_border_color=&#187;#d34c4c&#187; button_border_radius=&#187;0px&#187; button_font=&#187;Merriweather|700|||||||&#187; button_use_icon=&#187;off&#187; background_layout=&#187;dark&#187; custom_margin=&#187;50px|||&#187; custom_padding=&#187;|||&#187; custom_padding_last_edited=&#187;off|desktop&#187; button_text_size__hover_enabled=&#187;off&#187; button_one_text_size__hover_enabled=&#187;off&#187; button_two_text_size__hover_enabled=&#187;off&#187; button_text_color__hover_enabled=&#187;off&#187; button_one_text_color__hover_enabled=&#187;off&#187; button_two_text_color__hover_enabled=&#187;off&#187; button_border_width__hover_enabled=&#187;off&#187; button_one_border_width__hover_enabled=&#187;off&#187; button_two_border_width__hover_enabled=&#187;off&#187; button_border_color__hover_enabled=&#187;off&#187; button_one_border_color__hover_enabled=&#187;off&#187; button_two_border_color__hover_enabled=&#187;off&#187; button_border_radius__hover_enabled=&#187;off&#187; button_one_border_radius__hover_enabled=&#187;off&#187; button_two_border_radius__hover_enabled=&#187;off&#187; button_letter_spacing__hover_enabled=&#187;off&#187; button_one_letter_spacing__hover_enabled=&#187;off&#187; button_two_letter_spacing__hover_enabled=&#187;off&#187; button_bg_color__hover_enabled=&#187;off&#187; button_one_bg_color__hover_enabled=&#187;off&#187; button_two_bg_color__hover_enabled=&#187;off&#187;][\/et_pb_button][\/et_pb_column][et_pb_column type=&#187;1_2&#8243; _builder_version=&#187;3.25&#8243; background_color=&#187;#2b2e6d&#187; custom_padding=&#187;|5%||5%&#187; custom_padding__hover=&#187;|||&#187;][et_pb_contact_form captcha=&#187;off&#187; title=&#187;Contact Us&#187; submit_button_text=&#187;Submit&#187; module_id=&#187;et_pb_contact_form_0&#8243; _builder_version=&#187;3.23&#8243; form_field_background_color=&#187;#2f3186&#8243; form_field_text_color=&#187;rgba(255,255,255,0.7)&#187; title_font=&#187;Merriweather|700|||||||&#187; title_text_color=&#187;#ffffff&#187; title_font_size=&#187;32px&#187; title_line_height=&#187;2.8em&#187; form_field_font=&#187;|500||on|||||&#187; form_field_font_size=&#187;14px&#187; custom_button=&#187;on&#187; button_text_size=&#187;14px&#187; button_text_color=&#187;#ffffff&#187; button_bg_color=&#187;#4646c4&#8243; button_border_width=&#187;8px&#187; button_border_color=&#187;#4646c4&#8243; button_border_radius=&#187;0px&#187; button_letter_spacing=&#187;1px&#187; button_font=&#187;|700||on|||||&#187; button_icon=&#187;%%3%%&#187; button_on_hover=&#187;off&#187; text_orientation=&#187;left&#187; max_width=&#187;90%&#187; max_width_tablet=&#187;86%&#187; max_width_phone=&#187;84%&#187; max_width_last_edited=&#187;on|phone&#187; module_alignment=&#187;center&#187; custom_margin=&#187;50px||50px|&#187; custom_padding=&#187;|||&#187; animation_direction=&#187;right&#187; form_background_color=&#187;#2f3186&#8243; button_border_radius_hover=&#187;0px&#187; button_letter_spacing_hover=&#187;1px&#187;][et_pb_contact_field field_id=&#187;Name&#187; field_title=&#187;Name&#187; _builder_version=&#187;3.16&#8243; form_field_font=&#187;|500|||||||&#187; button_text_size__hover_enabled=&#187;off&#187; button_one_text_size__hover_enabled=&#187;off&#187; button_two_text_size__hover_enabled=&#187;off&#187; button_text_color__hover_enabled=&#187;off&#187; button_one_text_color__hover_enabled=&#187;off&#187; button_two_text_color__hover_enabled=&#187;off&#187; button_border_width__hover_enabled=&#187;off&#187; button_one_border_width__hover_enabled=&#187;off&#187; button_two_border_width__hover_enabled=&#187;off&#187; button_border_color__hover_enabled=&#187;off&#187; button_one_border_color__hover_enabled=&#187;off&#187; button_two_border_color__hover_enabled=&#187;off&#187; button_border_radius__hover_enabled=&#187;off&#187; button_one_border_radius__hover_enabled=&#187;off&#187; button_two_border_radius__hover_enabled=&#187;off&#187; button_letter_spacing__hover_enabled=&#187;off&#187; button_one_letter_spacing__hover_enabled=&#187;off&#187; button_two_letter_spacing__hover_enabled=&#187;off&#187; button_bg_color__hover_enabled=&#187;off&#187; button_one_bg_color__hover_enabled=&#187;off&#187; button_two_bg_color__hover_enabled=&#187;off&#187;][\/et_pb_contact_field][et_pb_contact_field field_id=&#187;Email_Address&#187; field_title=&#187;Email&#187; field_type=&#187;email&#187; _builder_version=&#187;3.16&#8243; form_field_font=&#187;|500|||||||&#187; button_text_size__hover_enabled=&#187;off&#187; button_one_text_size__hover_enabled=&#187;off&#187; button_two_text_size__hover_enabled=&#187;off&#187; button_text_color__hover_enabled=&#187;off&#187; button_one_text_color__hover_enabled=&#187;off&#187; button_two_text_color__hover_enabled=&#187;off&#187; button_border_width__hover_enabled=&#187;off&#187; button_one_border_width__hover_enabled=&#187;off&#187; button_two_border_width__hover_enabled=&#187;off&#187; button_border_color__hover_enabled=&#187;off&#187; button_one_border_color__hover_enabled=&#187;off&#187; button_two_border_color__hover_enabled=&#187;off&#187; button_border_radius__hover_enabled=&#187;off&#187; button_one_border_radius__hover_enabled=&#187;off&#187; button_two_border_radius__hover_enabled=&#187;off&#187; button_letter_spacing__hover_enabled=&#187;off&#187; button_one_letter_spacing__hover_enabled=&#187;off&#187; button_two_letter_spacing__hover_enabled=&#187;off&#187; button_bg_color__hover_enabled=&#187;off&#187; button_one_bg_color__hover_enabled=&#187;off&#187; button_two_bg_color__hover_enabled=&#187;off&#187;][\/et_pb_contact_field][et_pb_contact_field field_id=&#187;Message&#187; field_title=&#187;Message&#187; field_type=&#187;text&#187; fullwidth_field=&#187;on&#187; _builder_version=&#187;3.16&#8243; form_field_font=&#187;|500|||||||&#187; button_text_size__hover_enabled=&#187;off&#187; button_one_text_size__hover_enabled=&#187;off&#187; button_two_text_size__hover_enabled=&#187;off&#187; button_text_color__hover_enabled=&#187;off&#187; button_one_text_color__hover_enabled=&#187;off&#187; button_two_text_color__hover_enabled=&#187;off&#187; button_border_width__hover_enabled=&#187;off&#187; button_one_border_width__hover_enabled=&#187;off&#187; button_two_border_width__hover_enabled=&#187;off&#187; button_border_color__hover_enabled=&#187;off&#187; button_one_border_color__hover_enabled=&#187;off&#187; button_two_border_color__hover_enabled=&#187;off&#187; button_border_radius__hover_enabled=&#187;off&#187; button_one_border_radius__hover_enabled=&#187;off&#187; button_two_border_radius__hover_enabled=&#187;off&#187; button_letter_spacing__hover_enabled=&#187;off&#187; button_one_letter_spacing__hover_enabled=&#187;off&#187; button_two_letter_spacing__hover_enabled=&#187;off&#187; button_bg_color__hover_enabled=&#187;off&#187; button_one_bg_color__hover_enabled=&#187;off&#187; button_two_bg_color__hover_enabled=&#187;off&#187;][\/et_pb_contact_field][\/et_pb_contact_form][et_pb_text _builder_version=&#187;3.27.4&#8243;][\/et_pb_text][\/et_pb_column][\/et_pb_row][\/et_pb_section]<\/p>\n","protected":false},"excerpt":{"rendered":"<p>[et_pb_section fb_built=&#187;1&#8243; custom_padding_last_edited=&#187;off|desktop&#187; admin_label=&#187;Hero&#187; _builder_version=&#187;3.22&#8243; use_background_color_gradient=&#187;on&#187; background_color_gradient_start=&#187;#ffffff&#187; background_color_gradient_end=&#187;#e7edf9&#8243; custom_margin=&#187;|||&#187; custom_padding=&#187;100px||100px|&#187; custom_padding_tablet=&#187;130px||130px|&#187;][et_pb_row column_structure=&#187;1_2,1_2&#8243; admin_label=&#187;title and illustration&#187; _builder_version=&#187;3.25&#8243; background_size=&#187;initial&#187; background_position=&#187;top_left&#187; background_repeat=&#187;repeat&#187; custom_margin=&#187;|||&#187;][et_pb_column type=&#187;1_2&#8243; _builder_version=&#187;3.25&#8243; custom_padding=&#187;|||&#187; custom_padding__hover=&#187;|||&#187;][et_pb_text _builder_version=&#187;4.9.2&#8243; header_font=&#187;Merriweather|700|||||||&#187; header_font_size=&#187;46px&#187; header_line_height=&#187;1.3em&#187; custom_margin=&#187;||0px|&#187; animation_style=&#187;flip&#187; animation_direction=&#187;top&#187;] Walliser und Walliserinnen des Jahres &#8211; Hall of Fame [\/et_pb_text][et_pb_divider color=&#187;#4646c4&#8243; divider_position=&#187;center&#187; divider_weight=&#187;2px&#187; _builder_version=&#187;3.2&#8243; max_width=&#187;90px&#187; max_width_tablet=&#187;12%&#187; max_width_last_edited=&#187;off|desktop&#187; custom_margin=&#187;|||&#187; animation_style=&#187;flip&#187; animation_delay=&#187;50ms&#187;][\/et_pb_divider][et_pb_text _builder_version=&#187;4.9.2&#8243; text_font=&#187;||||||||&#187; text_font_size=&#187;20px&#187; text_line_height=&#187;1.8em&#187; [&hellip;]<\/p>\n","protected":false},"author":1,"featured_media":0,"parent":0,"menu_order":0,"comment_status":"closed","ping_status":"closed","template":"","meta":{"_et_pb_use_builder":"on","_et_pb_old_content":"","_et_gb_content_width":"","footnotes":""},"class_list":["post-374","page","type-page","status-publish","hentry"],"_links":{"self":[{"href":"https:\/\/plenum-vs.ch\/index.php\/wp-json\/wp\/v2\/pages\/374","targetHints":{"allow":["GET"]}}],"collection":[{"href":"https:\/\/plenum-vs.ch\/index.php\/wp-json\/wp\/v2\/pages"}],"about":[{"href":"https:\/\/plenum-vs.ch\/index.php\/wp-json\/wp\/v2\/types\/page"}],"author":[{"embeddable":true,"href":"https:\/\/plenum-vs.ch\/index.php\/wp-json\/wp\/v2\/users\/1"}],"replies":[{"embeddable":true,"href":"https:\/\/plenum-vs.ch\/index.php\/wp-json\/wp\/v2\/comments?post=374"}],"version-history":[{"count":41,"href":"https:\/\/plenum-vs.ch\/index.php\/wp-json\/wp\/v2\/pages\/374\/revisions"}],"predecessor-version":[{"id":637,"href":"https:\/\/plenum-vs.ch\/index.php\/wp-json\/wp\/v2\/pages\/374\/revisions\/637"}],"wp:attachment":[{"href":"https:\/\/plenum-vs.ch\/index.php\/wp-json\/wp\/v2\/media?parent=374"}],"curies":[{"name":"wp","href":"https:\/\/api.w.org\/{rel}","templated":true}]}}