{"id":176,"date":"2021-03-28T13:09:13","date_gmt":"2021-03-28T12:09:13","guid":{"rendered":"https:\/\/temp2studiob.ch\/?page_id=176"},"modified":"2023-09-22T10:35:31","modified_gmt":"2023-09-22T09:35:31","slug":"programm","status":"publish","type":"page","link":"https:\/\/plenum-vs.ch\/index.php\/programm\/","title":{"rendered":"Programm"},"content":{"rendered":"<p>[et_pb_section fb_built=&#187;1&#8243; custom_padding_last_edited=&#187;off|desktop&#187; admin_label=&#187;hero section&#187; _builder_version=&#187;3.22&#8243; use_background_color_gradient=&#187;on&#187; background_color_gradient_start=&#187;#ffffff&#187; background_color_gradient_end=&#187;#e7edf9&#8243; custom_margin=&#187;|||&#187; custom_padding=&#187;100px||100px|&#187; custom_padding_tablet=&#187;130px||130px|&#187;][et_pb_row column_structure=&#187;1_2,1_2&#8243; admin_label=&#187;title and illustration&#187; _builder_version=&#187;4.9.2&#8243; background_size=&#187;initial&#187; background_position=&#187;top_left&#187; background_repeat=&#187;repeat&#187; custom_margin=&#187;|||&#187;][et_pb_column type=&#187;1_2&#8243; _builder_version=&#187;3.25&#8243; custom_padding=&#187;|||&#187; custom_padding__hover=&#187;|||&#187;][et_pb_text _builder_version=&#187;4.9.2&#8243; text_font=&#187;||||||||&#187; header_font=&#187;Merriweather|700|||||||&#187; header_text_color=&#187;#&#187; header_font_size=&#187;46px&#187; header_line_height=&#187;1.3em&#187; custom_margin=&#187;||0px|&#187; animation_style=&#187;flip&#187; animation_direction=&#187;top&#187;]<\/p>\n<h1><span style=\"color: #808080;\">Jahresprogramm Plenum VS<\/span><\/h1>\n<p>[\/et_pb_text][et_pb_divider color=&#187;#4646c4&#8243; divider_position=&#187;center&#187; divider_weight=&#187;2px&#187; _builder_version=&#187;3.2&#8243; max_width=&#187;90px&#187; max_width_tablet=&#187;12%&#187; max_width_last_edited=&#187;off|desktop&#187; custom_margin=&#187;|||&#187; animation_style=&#187;flip&#187; animation_delay=&#187;50ms&#187;][\/et_pb_divider][et_pb_text _builder_version=&#187;4.9.2&#8243; text_font=&#187;||||||||&#187; text_font_size=&#187;20px&#187; text_line_height=&#187;1.8em&#187; custom_margin=&#187;25px|||&#187; animation_style=&#187;flip&#187; animation_direction=&#187;top&#187; animation_delay=&#187;100ms&#187;]<\/p>\n<p>Hier findet ihr das laufend angepasste Jahresprogramm des Vereins Plenum VS:<\/p>\n<p>(\u00c4nderungen vorbehalten)<\/p>\n<p>[\/et_pb_text][\/et_pb_column][et_pb_column type=&#187;1_2&#8243; _builder_version=&#187;3.25&#8243; custom_padding=&#187;|||&#187; custom_padding__hover=&#187;|||&#187;][et_pb_image src=&#187;https:\/\/plenum-vs.ch\/wp-content\/uploads\/2021\/03\/agenda_600x200.jpg&#187; title_text=&#187;Closeup of a personal agenda setting an important date written w&#187; force_fullwidth=&#187;on&#187; align_tablet=&#187;center&#187; align_phone=&#187;&#187; align_last_edited=&#187;on|desktop&#187; _builder_version=&#187;4.9.2&#8243; animation_style=&#187;slide&#187; animation_direction=&#187;right&#187; animation_intensity_slide=&#187;10%&#187; always_center_on_mobile=&#187;on&#187;][\/et_pb_image][\/et_pb_column][\/et_pb_row][\/et_pb_section][et_pb_section fb_built=&#187;1&#8243; admin_label=&#187;WdJ&#187; _builder_version=&#187;4.9.2&#8243; custom_padding=&#187;100px||100px|&#187; animation_style=&#187;zoom&#187; animation_intensity_zoom=&#187;10%&#187;][et_pb_row _builder_version=&#187;4.9.2&#8243; custom_padding=&#187;10px|0px|10px|0px&#187; border_color_all=&#187;#4646c4&#8243; border_width_bottom=&#187;3px&#187;][et_pb_column type=&#187;4_4&#8243; _builder_version=&#187;3.25&#8243; custom_padding=&#187;|||&#187; custom_padding__hover=&#187;|||&#187;][et_pb_text _builder_version=&#187;4.9.2&#8243; text_font=&#187;||||||||&#187; header_font=&#187;||||||||&#187; header_2_font=&#187;|700|||||||&#187; header_2_line_height=&#187;1.4em&#187; hover_enabled=&#187;0&#8243; sticky_enabled=&#187;0&#8243;]<\/p>\n<h2>Walliser des Jahres 2023 &#8211; 22. September 2023<\/h2>\n<p>[\/et_pb_text][\/et_pb_column][\/et_pb_row][et_pb_row column_structure=&#187;1_4,3_4&#8243; admin_label=&#187;WdJ2022&#8243; _builder_version=&#187;4.9.2&#8243; custom_padding=&#187;40px|0px|40px|0px&#187; border_color_all=&#187;#e1e3e5&#8243; border_width_top=&#187;1px&#187;][et_pb_column type=&#187;1_4&#8243; _builder_version=&#187;3.25&#8243; custom_padding=&#187;|||&#187; custom_padding__hover=&#187;|||&#187;][et_pb_blurb title=&#187;17.00 &#8211; 21.00 Uhr&#187; use_icon=&#187;on&#187; font_icon=&#187;%%92%%&#187; icon_color=&#187;#a9aab7&#8243; icon_placement=&#187;left&#187; use_icon_font_size=&#187;on&#187; icon_font_size=&#187;24px&#187; _builder_version=&#187;4.9.2&#8243; header_font=&#187;|||on|||||&#187; header_font_size=&#187;14px&#187; header_letter_spacing=&#187;1px&#187; header_line_height=&#187;24px&#187; body_font=&#187;||||||||&#187; custom_margin=&#187;|||&#187;][\/et_pb_blurb][et_pb_blurb title=&#187;Skylounge (4. Stock), Stade de Suisse, Papierm\u00fchlestrasse 71, Bern&#187; use_icon=&#187;on&#187; font_icon=&#187;%%122%%&#187; icon_color=&#187;#a9aab7&#8243; icon_placement=&#187;left&#187; use_icon_font_size=&#187;on&#187; icon_font_size=&#187;24px&#187; _builder_version=&#187;4.9.2&#8243; header_font=&#187;|||on|||||&#187; header_font_size=&#187;14px&#187; header_letter_spacing=&#187;1px&#187; header_line_height=&#187;24px&#187; body_font=&#187;||||||||&#187; custom_margin=&#187;|||&#187; hover_enabled=&#187;0&#8243; sticky_enabled=&#187;0&#8243;][\/et_pb_blurb][\/et_pb_column][et_pb_column type=&#187;3_4&#8243; _builder_version=&#187;3.25&#8243; custom_padding=&#187;|||&#187; custom_padding__hover=&#187;|||&#187;][et_pb_text _builder_version=&#187;4.9.2&#8243; text_font=&#187;||||||||&#187; text_line_height=&#187;1.8em&#187; link_font=&#187;||||||||&#187; link_text_color=&#187;#4646c4&#8243; header_font=&#187;||||||||&#187; header_3_font=&#187;Merriweather|700|||||||&#187; header_3_text_color=&#187;#4646c4&#8243; header_3_line_height=&#187;1.3em&#187; custom_margin=&#187;||20px|&#187;]<\/p>\n<h3>Wir feiern YB-Trainer Raphael Wicky als Walliser des Jahres<\/h3>\n<p>&nbsp;<\/p>\n<p>[\/et_pb_text][et_pb_toggle title=&#187;Laudatio von Adrian Arnold, Kommunikationschef Schweizerischer Fussballverband (SFV)&#187; closed_toggle_background_color=&#187;#ffffff&#187; icon_color=&#187;#4646c4&#8243; _builder_version=&#187;4.9.2&#8243; title_font=&#187;||||||||&#187; title_font_size=&#187;18px&#187; title_line_height=&#187;1.8em&#187; body_font=&#187;||||||||&#187; body_font_size=&#187;18px&#187; body_line_height=&#187;1.8em&#187; custom_margin=&#187;|||&#187; custom_padding=&#187;0px|0px|0px|0px&#187; border_width_all=&#187;0px&#187;]<\/p>\n<p><em>Der Steger Fussballtrainer Raphael Wicky ist Walliser des Jahres 2023. Das Plenum VS<\/em><em>, das Walliser Wirtschafts- und Kulturnetzwerk,<\/em><em> zeichnet den Oberwalliser Fussballstar f\u00fcr seine erfolgreiche und beeindruckende Sportlerkarriere aus. Raphael hat in der Saison 2022\/23 als Fussballtrainer mit den Berner Young Boys mit dem Double Meister und Cupsieger einen pers\u00f6nlichen H\u00f6hepunkt seiner Karriere geschafft. Daf\u00fcr wird er am 22. September an einer Feier im Stade de Suisse in Bern als Walliser des Jahres ausgezeichnet. <\/em><\/p>\n<p>[\/et_pb_toggle][\/et_pb_column][\/et_pb_row][\/et_pb_section][et_pb_section fb_built=&#187;1&#8243; admin_label=&#187;WdJ&#187; _builder_version=&#187;4.9.2&#8243; custom_padding=&#187;100px||100px|&#187; animation_style=&#187;zoom&#187; animation_intensity_zoom=&#187;10%&#187;][et_pb_row _builder_version=&#187;4.9.2&#8243; custom_padding=&#187;10px|0px|10px|0px&#187; border_color_all=&#187;#4646c4&#8243; border_width_bottom=&#187;3px&#187;][et_pb_column type=&#187;4_4&#8243; _builder_version=&#187;3.25&#8243; custom_padding=&#187;|||&#187; custom_padding__hover=&#187;|||&#187;][et_pb_text _builder_version=&#187;4.9.2&#8243; text_font=&#187;||||||||&#187; header_font=&#187;||||||||&#187; header_2_font=&#187;|700|||||||&#187; header_2_line_height=&#187;1.4em&#187;]<\/p>\n<h2>Walliserin des Jahres 2022 &#8211; 26. August 2022<\/h2>\n<p>[\/et_pb_text][\/et_pb_column][\/et_pb_row][et_pb_row column_structure=&#187;1_4,3_4&#8243; admin_label=&#187;WdJ2022&#8243; _builder_version=&#187;4.9.2&#8243; custom_padding=&#187;40px|0px|40px|0px&#187; border_color_all=&#187;#e1e3e5&#8243; border_width_top=&#187;1px&#187;][et_pb_column type=&#187;1_4&#8243; _builder_version=&#187;3.25&#8243; custom_padding=&#187;|||&#187; custom_padding__hover=&#187;|||&#187;][et_pb_blurb title=&#187;17.00 &#8211; 21.00 Uhr&#187; use_icon=&#187;on&#187; font_icon=&#187;%%92%%&#187; icon_color=&#187;#a9aab7&#8243; icon_placement=&#187;left&#187; use_icon_font_size=&#187;on&#187; icon_font_size=&#187;24px&#187; _builder_version=&#187;4.9.2&#8243; header_font=&#187;|||on|||||&#187; header_font_size=&#187;14px&#187; header_letter_spacing=&#187;1px&#187; header_line_height=&#187;24px&#187; body_font=&#187;||||||||&#187; custom_margin=&#187;|||&#187;][\/et_pb_blurb][et_pb_blurb title=&#187;Kursaal, Bern&#187; use_icon=&#187;on&#187; font_icon=&#187;%%122%%&#187; icon_color=&#187;#a9aab7&#8243; icon_placement=&#187;left&#187; use_icon_font_size=&#187;on&#187; icon_font_size=&#187;24px&#187; _builder_version=&#187;4.9.2&#8243; header_font=&#187;|||on|||||&#187; header_font_size=&#187;14px&#187; header_letter_spacing=&#187;1px&#187; header_line_height=&#187;24px&#187; body_font=&#187;||||||||&#187; custom_margin=&#187;|||&#187;][\/et_pb_blurb][\/et_pb_column][et_pb_column type=&#187;3_4&#8243; _builder_version=&#187;3.25&#8243; custom_padding=&#187;|||&#187; custom_padding__hover=&#187;|||&#187;][et_pb_text _builder_version=&#187;4.9.2&#8243; text_font=&#187;||||||||&#187; text_line_height=&#187;1.8em&#187; link_font=&#187;||||||||&#187; link_text_color=&#187;#4646c4&#8243; header_font=&#187;||||||||&#187; header_3_font=&#187;Merriweather|700|||||||&#187; header_3_text_color=&#187;#4646c4&#8243; header_3_line_height=&#187;1.3em&#187; custom_margin=&#187;||20px|&#187;]<\/p>\n<h3>Wir feiern Division\u00e4r Germaine J.F. als Walliserin des Jahres<\/h3>\n<p>&nbsp;<\/p>\n<p>[\/et_pb_text][et_pb_toggle title=&#187;Gastreferat von Gerald Vernez, Stiftungsratspr\u00e4sident digiVolution zur \u00abSchweizer Sicherheitspolitik zur Zeit der digitalen Mutation\u00bb &#187; closed_toggle_background_color=&#187;#ffffff&#187; icon_color=&#187;#4646c4&#8243; _builder_version=&#187;4.9.2&#8243; title_font=&#187;||||||||&#187; title_font_size=&#187;18px&#187; title_line_height=&#187;1.8em&#187; body_font=&#187;||||||||&#187; body_font_size=&#187;18px&#187; body_line_height=&#187;1.8em&#187; custom_margin=&#187;|||&#187; custom_padding=&#187;0px|0px|0px|0px&#187; border_width_all=&#187;0px&#187;]<\/p>\n<div>\n<p><i>Division\u00e4r Germaine J.F. Seewer ist Walliserin des Jahres 2022. Plenum VS<\/i><i>, das Wirtschafts- und Kulturnetzwerk von Walliserinnen und Wallisern sowie Freunden des Wallis,<\/i><i> zeichnet die Leukerin aus f\u00fcr ihre erfolgreiche Berufskarriere als Frau in einem von M\u00e4nnern dominierten Bereich und ihre <\/i><i>Vorbildfunktion als Division\u00e4r und damit rangh\u00f6chste Frau in der Schweizer Armee. <\/i><i>Der Titel wird mit G\u00e4sten aus dem Wallis und der ganzen Schweiz am 26. August 2022 im Kursaal Bern feierlich \u00fcbergeben.<\/i><i><\/i><\/p>\n<\/div>\n<p>[\/et_pb_toggle][\/et_pb_column][\/et_pb_row][\/et_pb_section][et_pb_section fb_built=&#187;1&#8243; admin_label=&#187;Whisky-Event&#187; _builder_version=&#187;4.9.2&#8243; custom_padding=&#187;100px||100px|&#187; animation_style=&#187;zoom&#187; animation_intensity_zoom=&#187;10%&#187;][et_pb_row _builder_version=&#187;3.25&#8243; custom_padding=&#187;10px|0px|10px|0px&#187; border_color_all=&#187;#4646c4&#8243; border_width_bottom=&#187;3px&#187; locked=&#187;off&#187;][et_pb_column type=&#187;4_4&#8243; _builder_version=&#187;3.25&#8243; custom_padding=&#187;|||&#187; custom_padding__hover=&#187;|||&#187;][et_pb_text _builder_version=&#187;4.9.2&#8243; text_font=&#187;||||||||&#187; text_text_color=&#187;#21212a&#187; header_font=&#187;||||||||&#187; header_2_font=&#187;|700|||||||&#187; header_2_line_height=&#187;1.4em&#187;]<\/p>\n<h2>Whisky-Night im Hochmoor &#8211; 10. September 2022<\/h2>\n<p>[\/et_pb_text][\/et_pb_column][\/et_pb_row][et_pb_row column_structure=&#187;1_4,3_4&#8243; admin_label=&#187;Whisky-Night&#187; _builder_version=&#187;4.9.2&#8243; custom_padding=&#187;40px|0px|40px|0px&#187; border_color_all=&#187;#e1e3e5&#8243; border_width_top=&#187;1px&#187;][et_pb_column type=&#187;1_4&#8243; _builder_version=&#187;3.25&#8243; custom_padding=&#187;|||&#187; custom_padding__hover=&#187;|||&#187;][et_pb_blurb title=&#187;17.30 Uhr&#187; use_icon=&#187;on&#187; font_icon=&#187;%%92%%&#187; icon_color=&#187;#a9aab7&#8243; icon_placement=&#187;left&#187; use_icon_font_size=&#187;on&#187; icon_font_size=&#187;24px&#187; admin_label=&#187;Blurb&#187; _builder_version=&#187;4.9.2&#8243; header_font=&#187;|||on|||||&#187; header_font_size=&#187;14px&#187; header_letter_spacing=&#187;1px&#187; header_line_height=&#187;24px&#187; body_font=&#187;||||||||&#187; custom_margin=&#187;|||&#187;][\/et_pb_blurb][et_pb_blurb title=&#187;Restaurant Moosalp, T\u00f6rbel&#187; use_icon=&#187;on&#187; font_icon=&#187;%%122%%&#187; icon_color=&#187;#a9aab7&#8243; icon_placement=&#187;left&#187; use_icon_font_size=&#187;on&#187; icon_font_size=&#187;24px&#187; _builder_version=&#187;4.9.2&#8243; header_font=&#187;|||on|||||&#187; header_font_size=&#187;14px&#187; header_letter_spacing=&#187;1px&#187; header_line_height=&#187;24px&#187; body_font=&#187;||||||||&#187; custom_margin=&#187;|||&#187;][\/et_pb_blurb][\/et_pb_column][et_pb_column type=&#187;3_4&#8243; _builder_version=&#187;3.25&#8243; custom_padding=&#187;|||&#187; custom_padding__hover=&#187;|||&#187;][et_pb_text _builder_version=&#187;4.9.2&#8243; text_font=&#187;||||||||&#187; text_line_height=&#187;1.8em&#187; link_font=&#187;||||||||&#187; link_text_color=&#187;#4646c4&#8243; header_font=&#187;||||||||&#187; header_3_font=&#187;Merriweather|700|||||||&#187; header_3_text_color=&#187;#4646c4&#8243; header_3_line_height=&#187;1.3em&#187; custom_margin=&#187;||20px|&#187; locked=&#187;off&#187;]<\/p>\n<h3><b>Whisky-Night im Hochmoor mit Plenum-VS<\/b><\/h3>\n<p>[\/et_pb_text][et_pb_button button_url=&#187;https:\/\/plenum-vs.ch\/wp-content\/uploads\/2022\/07\/PlakatWhiskyNight22.pdf&#187; button_text=&#187;Link zum Flyer&#187; admin_label=&#187;Button&#187; _builder_version=&#187;4.9.2&#8243; _module_preset=&#187;default&#187; locked=&#187;off&#187;][\/et_pb_button][\/et_pb_column][\/et_pb_row][\/et_pb_section][et_pb_section fb_built=&#187;1&#8243; admin_label=&#187;Abusitz&#187; _builder_version=&#187;4.9.2&#8243; custom_padding=&#187;100px||100px|&#187; animation_style=&#187;zoom&#187; animation_intensity_zoom=&#187;10%&#187; locked=&#187;off&#187;][et_pb_row _builder_version=&#187;4.9.2&#8243; custom_padding=&#187;10px|0px|10px|0px&#187; border_color_all=&#187;#4646c4&#8243; border_width_bottom=&#187;3px&#187; locked=&#187;off&#187;][et_pb_column type=&#187;4_4&#8243; _builder_version=&#187;3.25&#8243; custom_padding=&#187;|||&#187; custom_padding__hover=&#187;|||&#187;][et_pb_text _builder_version=&#187;4.9.2&#8243; text_font=&#187;||||||||&#187; text_text_color=&#187;#21212a&#187; header_font=&#187;||||||||&#187; header_2_font=&#187;|700|||||||&#187; header_2_line_height=&#187;1.4em&#187;]<\/p>\n<h2>&#171;ABUSITZ&#187;\u00a0<\/h2>\n<p>[\/et_pb_text][\/et_pb_column][\/et_pb_row][et_pb_row column_structure=&#187;1_4,3_4&#8243; admin_label=&#187;Abusitz&#187; _builder_version=&#187;4.9.2&#8243; custom_padding=&#187;40px|0px|40px|0px&#187; border_color_all=&#187;#e1e3e5&#8243; border_width_top=&#187;1px&#187;][et_pb_column type=&#187;1_4&#8243; _builder_version=&#187;3.25&#8243; custom_padding=&#187;|||&#187; custom_padding__hover=&#187;|||&#187;][et_pb_blurb title=&#187;tbd&#187; use_icon=&#187;on&#187; font_icon=&#187;%%92%%&#187; icon_color=&#187;#a9aab7&#8243; icon_placement=&#187;left&#187; use_icon_font_size=&#187;on&#187; icon_font_size=&#187;24px&#187; _builder_version=&#187;4.9.2&#8243; header_font=&#187;|||on|||||&#187; header_font_size=&#187;14px&#187; header_letter_spacing=&#187;1px&#187; header_line_height=&#187;24px&#187; body_font=&#187;||||||||&#187; custom_margin=&#187;|||&#187;][\/et_pb_blurb][et_pb_blurb title=&#187;Virtuell mit Zoom&#187; use_icon=&#187;on&#187; font_icon=&#187;%%122%%&#187; icon_color=&#187;#a9aab7&#8243; icon_placement=&#187;left&#187; use_icon_font_size=&#187;on&#187; icon_font_size=&#187;24px&#187; _builder_version=&#187;4.9.2&#8243; header_font=&#187;|||on|||||&#187; header_font_size=&#187;14px&#187; header_letter_spacing=&#187;1px&#187; header_line_height=&#187;24px&#187; body_font=&#187;||||||||&#187; custom_margin=&#187;|||&#187;][\/et_pb_blurb][\/et_pb_column][et_pb_column type=&#187;3_4&#8243; _builder_version=&#187;3.25&#8243; custom_padding=&#187;|||&#187; custom_padding__hover=&#187;|||&#187;][et_pb_text _builder_version=&#187;4.9.2&#8243; text_font=&#187;||||||||&#187; text_line_height=&#187;1.8em&#187; link_font=&#187;||||||||&#187; link_text_color=&#187;#4646c4&#8243; header_font=&#187;||||||||&#187; header_3_font=&#187;Merriweather|700|||||||&#187; header_3_text_color=&#187;#4646c4&#8243; header_3_line_height=&#187;1.3em&#187; custom_margin=&#187;||20px|&#187; locked=&#187;off&#187;]<\/p>\n<h3>2022 sind noch zwei &#171;Abusitze&#187; online geplant<\/h3>\n<p><b>Daten, Themen und Referenten werden publiziert, sobald sie bestimmt sind.<\/b><\/p>\n<p>[\/et_pb_text][et_pb_toggle closed_toggle_background_color=&#187;#ffffff&#187; icon_color=&#187;#4646c4&#8243; _builder_version=&#187;4.9.2&#8243; title_font=&#187;||||||||&#187; title_font_size=&#187;18px&#187; title_line_height=&#187;1.8em&#187; body_font=&#187;||||||||&#187; body_font_size=&#187;18px&#187; body_line_height=&#187;1.8em&#187; custom_margin=&#187;|||&#187; custom_padding=&#187;0px|0px|0px|0px&#187; border_width_all=&#187;0px&#187; locked=&#187;off&#187;][\/et_pb_toggle][\/et_pb_column][\/et_pb_row][\/et_pb_section][et_pb_section fb_built=&#187;1&#8243; disabled_on=&#187;on|on|on&#187; admin_label=&#187;Genusswanderung&#187; _builder_version=&#187;4.9.2&#8243; custom_padding=&#187;100px||100px|&#187; animation_style=&#187;zoom&#187; animation_intensity_zoom=&#187;10%&#187; disabled=&#187;on&#187; locked=&#187;off&#187;][et_pb_row _builder_version=&#187;3.25&#8243; custom_padding=&#187;10px|0px|10px|0px&#187; border_color_all=&#187;#4646c4&#8243; border_width_bottom=&#187;3px&#187; locked=&#187;off&#187;][et_pb_column type=&#187;4_4&#8243; _builder_version=&#187;3.25&#8243; custom_padding=&#187;|||&#187; custom_padding__hover=&#187;|||&#187;][et_pb_text _builder_version=&#187;4.9.2&#8243; text_font=&#187;||||||||&#187; text_text_color=&#187;#21212a&#187; header_font=&#187;||||||||&#187; header_2_font=&#187;|700|||||||&#187; header_2_line_height=&#187;1.4em&#187;]<\/p>\n<h2>Genusswanderung im Wallis &#8211; Juli 2021<\/h2>\n<p>[\/et_pb_text][\/et_pb_column][\/et_pb_row][et_pb_row column_structure=&#187;1_4,3_4&#8243; admin_label=&#187;Genusswanderung&#187; _builder_version=&#187;4.9.2&#8243; custom_padding=&#187;40px|0px|40px|0px&#187; border_color_all=&#187;#e1e3e5&#8243; border_width_top=&#187;1px&#187;][et_pb_column type=&#187;1_4&#8243; _builder_version=&#187;3.25&#8243; custom_padding=&#187;|||&#187; custom_padding__hover=&#187;|||&#187;][et_pb_blurb title=&#187;tbd&#187; use_icon=&#187;on&#187; font_icon=&#187;%%92%%&#187; icon_color=&#187;#a9aab7&#8243; icon_placement=&#187;left&#187; use_icon_font_size=&#187;on&#187; icon_font_size=&#187;24px&#187; _builder_version=&#187;4.9.2&#8243; header_font=&#187;|||on|||||&#187; header_font_size=&#187;14px&#187; header_letter_spacing=&#187;1px&#187; header_line_height=&#187;24px&#187; body_font=&#187;||||||||&#187; custom_margin=&#187;|||&#187;][\/et_pb_blurb][et_pb_blurb title=&#187;Jeizinen VS&#187; use_icon=&#187;on&#187; font_icon=&#187;%%122%%&#187; icon_color=&#187;#a9aab7&#8243; icon_placement=&#187;left&#187; use_icon_font_size=&#187;on&#187; icon_font_size=&#187;24px&#187; _builder_version=&#187;4.9.2&#8243; header_font=&#187;|||on|||||&#187; header_font_size=&#187;14px&#187; header_letter_spacing=&#187;1px&#187; header_line_height=&#187;24px&#187; body_font=&#187;||||||||&#187; custom_margin=&#187;|||&#187;][\/et_pb_blurb][\/et_pb_column][et_pb_column type=&#187;3_4&#8243; _builder_version=&#187;3.25&#8243; custom_padding=&#187;|||&#187; custom_padding__hover=&#187;|||&#187;][et_pb_text _builder_version=&#187;4.9.2&#8243; text_font=&#187;||||||||&#187; text_line_height=&#187;1.8em&#187; link_font=&#187;||||||||&#187; link_text_color=&#187;#4646c4&#8243; header_font=&#187;||||||||&#187; header_3_font=&#187;Merriweather|700|||||||&#187; header_3_text_color=&#187;#4646c4&#8243; header_3_line_height=&#187;1.3em&#187; custom_margin=&#187;||20px|&#187; locked=&#187;off&#187;]<\/p>\n<h3>Musikalische Genusswanderung 2021<\/h3>\n<p>[\/et_pb_text][et_pb_toggle closed_toggle_background_color=&#187;#ffffff&#187; icon_color=&#187;#4646c4&#8243; _builder_version=&#187;4.9.2&#8243; title_font=&#187;||||||||&#187; title_font_size=&#187;18px&#187; title_line_height=&#187;1.8em&#187; body_font=&#187;||||||||&#187; body_font_size=&#187;18px&#187; body_line_height=&#187;1.8em&#187; custom_margin=&#187;|||&#187; custom_padding=&#187;0px|0px|0px|0px&#187; border_width_all=&#187;0px&#187; locked=&#187;off&#187;]<\/p>\n<p>Corona bedingt steht der Entscheid des OKs der musikalischen Genusswanderung 2021 noch aus. Wir halten Sie hier auf dem Laufenden.<\/p>\n<p>[\/et_pb_toggle][et_pb_button button_url=&#187;https:\/\/plenum-vs.ch\/index.php\/info-button\/&#187; button_text=&#187;Registrieren Info&#187; admin_label=&#187;Button&#187; _builder_version=&#187;4.9.2&#8243; _module_preset=&#187;default&#187; locked=&#187;off&#187;][\/et_pb_button][\/et_pb_column][\/et_pb_row][\/et_pb_section][et_pb_section fb_built=&#187;1&#8243; disabled_on=&#187;on|on|on&#187; admin_label=&#187;WdJ2021&#8243; _builder_version=&#187;4.9.2&#8243; custom_padding=&#187;100px||100px|&#187; animation_style=&#187;zoom&#187; animation_intensity_zoom=&#187;10%&#187; disabled=&#187;on&#187; locked=&#187;off&#187;][et_pb_row _builder_version=&#187;3.25&#8243; custom_padding=&#187;10px|0px|10px|0px&#187; border_color_all=&#187;#4646c4&#8243; border_width_bottom=&#187;3px&#187; locked=&#187;off&#187;][et_pb_column type=&#187;4_4&#8243; _builder_version=&#187;3.25&#8243; custom_padding=&#187;|||&#187; custom_padding__hover=&#187;|||&#187;][et_pb_text _builder_version=&#187;4.9.2&#8243; text_font=&#187;||||||||&#187; text_text_color=&#187;#21212a&#187; header_font=&#187;||||||||&#187; header_2_font=&#187;|700|||||||&#187; header_2_line_height=&#187;1.4em&#187;]<\/p>\n<h2>Walliser des Jahres 2021 &#8211; 19. August 2021<\/h2>\n<p>[\/et_pb_text][\/et_pb_column][\/et_pb_row][et_pb_row column_structure=&#187;1_4,3_4&#8243; admin_label=&#187;WdJ2021&#8243; _builder_version=&#187;4.9.2&#8243; custom_padding=&#187;40px|0px|40px|0px&#187; border_color_all=&#187;#e1e3e5&#8243; border_width_top=&#187;1px&#187;][et_pb_column type=&#187;1_4&#8243; _builder_version=&#187;3.25&#8243; custom_padding=&#187;|||&#187; custom_padding__hover=&#187;|||&#187;][et_pb_blurb title=&#187;17.00 &#8211; 21.00 Uhr&#187; use_icon=&#187;on&#187; font_icon=&#187;%%92%%&#187; icon_color=&#187;#a9aab7&#8243; icon_placement=&#187;left&#187; use_icon_font_size=&#187;on&#187; icon_font_size=&#187;24px&#187; _builder_version=&#187;4.9.2&#8243; header_font=&#187;|||on|||||&#187; header_font_size=&#187;14px&#187; header_letter_spacing=&#187;1px&#187; header_line_height=&#187;24px&#187; body_font=&#187;||||||||&#187; custom_margin=&#187;|||&#187;][\/et_pb_blurb][et_pb_blurb title=&#187;Kursaal, Bern&#187; use_icon=&#187;on&#187; font_icon=&#187;%%122%%&#187; icon_color=&#187;#a9aab7&#8243; icon_placement=&#187;left&#187; use_icon_font_size=&#187;on&#187; icon_font_size=&#187;24px&#187; _builder_version=&#187;4.9.2&#8243; header_font=&#187;|||on|||||&#187; header_font_size=&#187;14px&#187; header_letter_spacing=&#187;1px&#187; header_line_height=&#187;24px&#187; body_font=&#187;||||||||&#187; custom_margin=&#187;|||&#187;][\/et_pb_blurb][\/et_pb_column][et_pb_column type=&#187;3_4&#8243; _builder_version=&#187;3.25&#8243; custom_padding=&#187;|||&#187; custom_padding__hover=&#187;|||&#187;][et_pb_text _builder_version=&#187;4.9.2&#8243; text_font=&#187;||||||||&#187; text_line_height=&#187;1.8em&#187; link_font=&#187;||||||||&#187; link_text_color=&#187;#4646c4&#8243; header_font=&#187;||||||||&#187; header_3_font=&#187;Merriweather|700|||||||&#187; header_3_text_color=&#187;#4646c4&#8243; header_3_line_height=&#187;1.3em&#187; custom_margin=&#187;||20px|&#187; locked=&#187;off&#187;]<\/p>\n<h3>Feier zum Walliser oder Walliserin des Jahres 2021\u00a0<\/h3>\n<p>[\/et_pb_text][et_pb_toggle closed_toggle_background_color=&#187;#ffffff&#187; icon_color=&#187;#4646c4&#8243; _builder_version=&#187;4.9.2&#8243; title_font=&#187;||||||||&#187; title_font_size=&#187;18px&#187; title_line_height=&#187;1.8em&#187; body_font=&#187;||||||||&#187; body_font_size=&#187;18px&#187; body_line_height=&#187;1.8em&#187; custom_margin=&#187;|||&#187; custom_padding=&#187;0px|0px|0px|0px&#187; border_width_all=&#187;0px&#187; locked=&#187;off&#187;]<\/p>\n<p>Der Titel \u201eWalliser des Jahres\u201c oder \u00abWalliserin des Jahres\u00bb, welcher\u00a0von einer autonomen Jury vergeben wird,\u00a0ist nicht nur eine Ehre fu\u0308r geleistete Arbeit,\u00a0sondern auch eine Motivation fu\u0308r\u00a0zuku\u0308nftige Leistungen!<\/p>\n<p>Der Event wird begleitet von einer Keynote zu einem aktuellen Thema und wird in der Regel auch musikalisch untermalt. Ein ausgezeichnetes Buffet des Kursaals Bern sorgt f\u00fcr die gute kulinarische Versorgung.<\/p>\n<p>[\/et_pb_toggle][et_pb_button button_url=&#187;https:\/\/plenum-vs.ch\/index.php\/info-button\/&#187; button_text=&#187;Registrieren Info&#187; _builder_version=&#187;4.9.2&#8243; _module_preset=&#187;default&#187;][\/et_pb_button][\/et_pb_column][\/et_pb_row][\/et_pb_section][et_pb_section fb_built=&#187;1&#8243; disabled_on=&#187;on|on|on&#187; admin_label=&#187;Lukullus&#187; _builder_version=&#187;4.9.2&#8243; custom_padding=&#187;100px||100px|&#187; animation_style=&#187;zoom&#187; animation_intensity_zoom=&#187;10%&#187; disabled=&#187;on&#187; locked=&#187;off&#187;][et_pb_row _builder_version=&#187;3.25&#8243; custom_padding=&#187;10px|0px|10px|0px&#187; border_color_all=&#187;#4646c4&#8243; border_width_bottom=&#187;3px&#187; locked=&#187;off&#187;][et_pb_column type=&#187;4_4&#8243; _builder_version=&#187;3.25&#8243; custom_padding=&#187;|||&#187; custom_padding__hover=&#187;|||&#187;][et_pb_text _builder_version=&#187;4.9.2&#8243; text_font=&#187;||||||||&#187; text_text_color=&#187;#21212a&#187; header_font=&#187;||||||||&#187; header_2_font=&#187;|700|||||||&#187; header_2_line_height=&#187;1.4em&#187;]<\/p>\n<h3>Lukullische Gen\u00fcsse in Z\u00fcrich im Oktober\/November 2021.<\/h3>\n<p>[\/et_pb_text][\/et_pb_column][\/et_pb_row][et_pb_row column_structure=&#187;1_4,3_4&#8243; admin_label=&#187;Lukullus&#187; _builder_version=&#187;4.9.2&#8243; custom_padding=&#187;40px|0px|40px|0px&#187; border_color_all=&#187;#e1e3e5&#8243; border_width_top=&#187;1px&#187;][et_pb_column type=&#187;1_4&#8243; _builder_version=&#187;3.25&#8243; custom_padding=&#187;|||&#187; custom_padding__hover=&#187;|||&#187;][et_pb_blurb title=&#187;17.30 Uhr&#187; use_icon=&#187;on&#187; font_icon=&#187;%%92%%&#187; icon_color=&#187;#a9aab7&#8243; icon_placement=&#187;left&#187; use_icon_font_size=&#187;on&#187; icon_font_size=&#187;24px&#187; _builder_version=&#187;4.9.2&#8243; header_font=&#187;|||on|||||&#187; header_font_size=&#187;14px&#187; header_letter_spacing=&#187;1px&#187; header_line_height=&#187;24px&#187; body_font=&#187;||||||||&#187; custom_margin=&#187;|||&#187;][\/et_pb_blurb][et_pb_blurb title=&#187;Restaurant Moosalp T\u00f6rbel&#187; use_icon=&#187;on&#187; font_icon=&#187;%%122%%&#187; icon_color=&#187;#a9aab7&#8243; icon_placement=&#187;left&#187; use_icon_font_size=&#187;on&#187; icon_font_size=&#187;24px&#187; _builder_version=&#187;4.9.2&#8243; header_font=&#187;|||on|||||&#187; header_font_size=&#187;14px&#187; header_letter_spacing=&#187;1px&#187; header_line_height=&#187;24px&#187; body_font=&#187;||||||||&#187; custom_margin=&#187;|||&#187;][\/et_pb_blurb][\/et_pb_column][et_pb_column type=&#187;3_4&#8243; _builder_version=&#187;3.25&#8243; custom_padding=&#187;|||&#187; custom_padding__hover=&#187;|||&#187;][et_pb_text _builder_version=&#187;4.9.2&#8243; text_font=&#187;||||||||&#187; text_line_height=&#187;1.8em&#187; link_font=&#187;||||||||&#187; link_text_color=&#187;#4646c4&#8243; header_font=&#187;||||||||&#187; header_3_font=&#187;Merriweather|700|||||||&#187; header_3_text_color=&#187;#4646c4&#8243; header_3_line_height=&#187;1.3em&#187; custom_margin=&#187;||20px|&#187; locked=&#187;off&#187;]<\/p>\n<h3>Lukullische Gen\u00fcsse in Z\u00fcrich im Oktober\/November 2021.<\/h3>\n<p>[\/et_pb_text][et_pb_toggle closed_toggle_background_color=&#187;#ffffff&#187; icon_color=&#187;#4646c4&#8243; _builder_version=&#187;4.9.2&#8243; title_font=&#187;||||||||&#187; title_font_size=&#187;18px&#187; title_line_height=&#187;1.8em&#187; body_font=&#187;||||||||&#187; body_font_size=&#187;18px&#187; body_line_height=&#187;1.8em&#187; custom_margin=&#187;|||&#187; custom_padding=&#187;0px|0px|0px|0px&#187; border_width_all=&#187;0px&#187; locked=&#187;off&#187;]<\/p>\n<p>F\u00fcr einmal ein gem\u00fctliches Set-In in einem Z\u00fcrcher Restaurant mit viel Walliser Kundschaft. Details folgen im Sommer (je nach Corona-Situation)<\/p>\n<p>[\/et_pb_toggle][et_pb_button button_url=&#187;https:\/\/plenum-vs.ch\/index.php\/info-button\/&#187; button_text=&#187;Registrieren Info&#187; _builder_version=&#187;4.9.2&#8243; _module_preset=&#187;default&#187; locked=&#187;off&#187;][\/et_pb_button][\/et_pb_column][\/et_pb_row][\/et_pb_section]<\/p>\n","protected":false},"excerpt":{"rendered":"<p>[et_pb_section fb_built=&#187;1&#8243; custom_padding_last_edited=&#187;off|desktop&#187; admin_label=&#187;hero section&#187; _builder_version=&#187;3.22&#8243; use_background_color_gradient=&#187;on&#187; background_color_gradient_start=&#187;#ffffff&#187; background_color_gradient_end=&#187;#e7edf9&#8243; custom_margin=&#187;|||&#187; custom_padding=&#187;100px||100px|&#187; custom_padding_tablet=&#187;130px||130px|&#187;][et_pb_row column_structure=&#187;1_2,1_2&#8243; admin_label=&#187;title and illustration&#187; _builder_version=&#187;4.9.2&#8243; background_size=&#187;initial&#187; background_position=&#187;top_left&#187; background_repeat=&#187;repeat&#187; custom_margin=&#187;|||&#187;][et_pb_column type=&#187;1_2&#8243; _builder_version=&#187;3.25&#8243; custom_padding=&#187;|||&#187; custom_padding__hover=&#187;|||&#187;][et_pb_text _builder_version=&#187;4.9.2&#8243; text_font=&#187;||||||||&#187; header_font=&#187;Merriweather|700|||||||&#187; header_text_color=&#187;#&#187; header_font_size=&#187;46px&#187; header_line_height=&#187;1.3em&#187; custom_margin=&#187;||0px|&#187; animation_style=&#187;flip&#187; animation_direction=&#187;top&#187;] Jahresprogramm Plenum VS [\/et_pb_text][et_pb_divider color=&#187;#4646c4&#8243; divider_position=&#187;center&#187; divider_weight=&#187;2px&#187; _builder_version=&#187;3.2&#8243; max_width=&#187;90px&#187; max_width_tablet=&#187;12%&#187; max_width_last_edited=&#187;off|desktop&#187; custom_margin=&#187;|||&#187; animation_style=&#187;flip&#187; animation_delay=&#187;50ms&#187;][\/et_pb_divider][et_pb_text _builder_version=&#187;4.9.2&#8243; text_font=&#187;||||||||&#187; text_font_size=&#187;20px&#187; text_line_height=&#187;1.8em&#187; custom_margin=&#187;25px|||&#187; animation_style=&#187;flip&#187; animation_direction=&#187;top&#187; [&hellip;]<\/p>\n","protected":false},"author":1,"featured_media":0,"parent":0,"menu_order":0,"comment_status":"closed","ping_status":"closed","template":"","meta":{"_et_pb_use_builder":"on","_et_pb_old_content":"","_et_gb_content_width":"","footnotes":""},"class_list":["post-176","page","type-page","status-publish","hentry"],"_links":{"self":[{"href":"https:\/\/plenum-vs.ch\/index.php\/wp-json\/wp\/v2\/pages\/176","targetHints":{"allow":["GET"]}}],"collection":[{"href":"https:\/\/plenum-vs.ch\/index.php\/wp-json\/wp\/v2\/pages"}],"about":[{"href":"https:\/\/plenum-vs.ch\/index.php\/wp-json\/wp\/v2\/types\/page"}],"author":[{"embeddable":true,"href":"https:\/\/plenum-vs.ch\/index.php\/wp-json\/wp\/v2\/users\/1"}],"replies":[{"embeddable":true,"href":"https:\/\/plenum-vs.ch\/index.php\/wp-json\/wp\/v2\/comments?post=176"}],"version-history":[{"count":36,"href":"https:\/\/plenum-vs.ch\/index.php\/wp-json\/wp\/v2\/pages\/176\/revisions"}],"predecessor-version":[{"id":657,"href":"https:\/\/plenum-vs.ch\/index.php\/wp-json\/wp\/v2\/pages\/176\/revisions\/657"}],"wp:attachment":[{"href":"https:\/\/plenum-vs.ch\/index.php\/wp-json\/wp\/v2\/media?parent=176"}],"curies":[{"name":"wp","href":"https:\/\/api.w.org\/{rel}","templated":true}]}}